{"id":662,"date":"2022-02-13T21:06:22","date_gmt":"2022-02-13T20:06:22","guid":{"rendered":"https:\/\/www.mihabrkinjac.com\/etwa\/"},"modified":"2026-04-10T16:49:23","modified_gmt":"2026-04-10T15:49:23","slug":"miha","status":"publish","type":"page","link":"https:\/\/www.mihabrkinjac.com\/de\/miha\/","title":{"rendered":"Miha"},"content":{"rendered":"<p>[et_pb_section fb_built=&#8220;1&#8243; fullwidth=&#8220;on&#8220; _builder_version=&#8220;4.16&#8243; _module_preset=&#8220;default&#8220; top_divider_color=&#8220;#FAD44F&#8220; bottom_divider_style=&#8220;slant2&#8243; bottom_divider_color=&#8220;#fad44f&#8220; bottom_divider_height=&#8220;160px&#8220; bottom_divider_repeat=&#8220;1x&#8220; global_colors_info=&#8220;{}&#8220;][et_pb_fullwidth_header title=&#8220;Miha&#8220; header_fullscreen=&#8220;on&#8220; disabled_on=&#8220;on|on|off&#8220; admin_label=&#8220;Fullwidth Header&#8220; module_class=&#8220;custom-header&#8220; _builder_version=&#8220;4.16&#8243; _module_preset=&#8220;default&#8220; title_font=&#8220;|700||on|||||&#8220; title_text_color=&#8220;#000000&#8243; title_font_size=&#8220;50px&#8220; content_text_align=&#8220;right&#8220; background_image=&#8220;https:\/\/www.mihabrkinjac.com\/wp-content\/uploads\/2022\/02\/20200911-BoazArad-3W3A2774-Edit-Edit-scaled.jpg&#8220; background_layout=&#8220;light&#8220; min_height=&#8220;569px&#8220; custom_css_title=&#8220;vertical-align: bottom;&#8220; global_colors_info=&#8220;{}&#8220; custom_css_title__hover_enabled=&#8220;off|desktop&#8220;]<\/p>\n<h3><em>&#8222;Als Gesangssolist stand Miha Brkinja\u010d<br \/>dem Chefdirigenten<br \/>und seinem Orchester in Sachen Virtuosit\u00e4t, L\u00e4ssigkeit<br \/>und Lebensfreude<br \/>in nichts nach.&#8220;<\/em><\/h3>\n<h4>&#8211; Heiko Schulze, Kurier Uckermark<\/h4>\n<p>[\/et_pb_fullwidth_header][et_pb_fullwidth_header title=&#8220;Miha&#8220; header_fullscreen=&#8220;on&#8220; disabled_on=&#8220;off|off|on&#8220; admin_label=&#8220;Fullwidth Header &#8211; tablet &#038; mobile&#8220; module_class=&#8220;custom-header&#8220; _builder_version=&#8220;4.16&#8243; _module_preset=&#8220;default&#8220; title_font=&#8220;|700||on|||||&#8220; title_text_color=&#8220;#000000&#8243; title_font_size=&#8220;50px&#8220; content_text_align=&#8220;right&#8220; background_image=&#8220;https:\/\/www.mihabrkinjac.com\/wp-content\/uploads\/2022\/02\/20200911-BoazArad-3W3A2774-Edit-Edit-scaled.jpg&#8220; background_layout=&#8220;light&#8220; min_height=&#8220;569px&#8220; title_font_size_tablet=&#8220;30px&#8220; title_font_size_phone=&#8220;30px&#8220; title_font_size_last_edited=&#8220;on|phone&#8220; custom_css_title=&#8220;vertical-align: bottom;&#8220; global_colors_info=&#8220;{}&#8220; custom_css_title__hover_enabled=&#8220;off|desktop&#8220;][\/et_pb_fullwidth_header][\/et_pb_section][et_pb_section fb_built=&#8220;1&#8243; _builder_version=&#8220;4.16&#8243; _module_preset=&#8220;default&#8220; background_color=&#8220;#FAD44F&#8220; global_colors_info=&#8220;{}&#8220;][et_pb_row _builder_version=&#8220;4.16&#8243; _module_preset=&#8220;default&#8220; global_colors_info=&#8220;{}&#8220;][et_pb_column type=&#8220;4_4&#8243; _builder_version=&#8220;4.16&#8243; _module_preset=&#8220;default&#8220; global_colors_info=&#8220;{}&#8220;][et_pb_text disabled_on=&#8220;off|off|on&#8220; admin_label=&#8220;Quote &#8211; tablet &#038; mobile&#8220; _builder_version=&#8220;4.16&#8243; _module_preset=&#8220;default&#8220; text_font_size=&#8220;20px&#8220; text_line_height=&#8220;1.8em&#8220; header_3_line_height=&#8220;1.4em&#8220; background_color=&#8220;#FFFFFF&#8220; custom_padding=&#8220;25px|25px|25px|25px|true|true&#8220; global_colors_info=&#8220;{}&#8220;]<\/p>\n<h3><em>\u201eMiha Brkinja\u010d stand als Gesangssolist in Virtuosit\u00e4t, L\u00e4ssigkeit und purer Lebenslust dem Chefdirigenten und seinem Orchester in nichts nach.\u201c<\/em><\/h3>\n<h4>&#8211; Heiko Schulze, Kurier Uckermark<\/h4>\n<p>[\/et_pb_text][et_pb_text _builder_version=&#8220;4.27.5&#8243; _module_preset=&#8220;default&#8220; text_text_color=&#8220;#000000&#8243; text_font_size=&#8220;20px&#8220; text_line_height=&#8220;1.8em&#8220; hover_enabled=&#8220;0&#8243; global_colors_info=&#8220;{}&#8220; sticky_enabled=&#8220;0&#8243;]<\/p>\n<p>Der slowenische Bariton Miha Brkinja\u010d arbeitet derzeit als freiberuflicher Operns\u00e4nger. In der Spielzeit 2024\/25 gastierte er am Landestheater Salzburg, am Theater Krefeld und M\u00f6nchengladbach und am Anhaltischen Theater Dessau. Zu seinen j\u00fcngsten Rollen z\u00e4hlen Don Prudenzio <em>(Il viaggio a Reims<\/em>), Valentin <em>(Faust<\/em>), Eugen Onegin <em>(Eugen Onegin<\/em>) und Jeletski <em>(Pique Dame<\/em>). In der Spielzeit 2025\/26 wird er unter anderem am Theater Hof als Eugen Onegin, an der Musikalischen Kom\u00f6die Leipzig als Solist in den Neujahrskonzerten, am Aalto-Theater Essen in Bernsteins <em>Candide<\/em> (als Junkman, K\u00f6nig Augustus und Croupier) und am Staatstheater N\u00fcrnberg als Nardo in <em>La finta giardiniera<\/em> zu erleben sein.<\/p>\n<p>Miha war von 2022 bis 2024 Mitglied des Opernstudios Niederrhein am Theater Krefeld und M\u00f6nchengladbach. Dort erarbeitete er sich ein breites Repertoire, darunter Marullo <em>(Rigoletto)<\/em>, Il commissario imperiale <em>(Madama Butterfly<\/em>), Robert Perceval <em>(Passionn\u00e9ment<\/em>) sowie zahlreiche Musical- und Operettenpartien. Besondere Anerkennung fand er in den tragenden Partien seines Fachs, insbesondere als Valentin und Eugen Onegin.<\/p>\n<p>Seine Arbeit wurde durch die Zusammenarbeit mit Regieteams um Jan Essinger, Dennis Krau\u00df, Anthony Pilavachi, Helen Malkowsky, Malte Kreutzfeldt und Beverly Blankenship gepr\u00e4gt.<\/p>\n<p>Neben seiner Opernt\u00e4tigkeit ist Miha auch als Schauspieler in Slowenien und Deutschland aktiv. F\u00fcr seine Darstellung des Jean in Marc Camolettis <em>Pridi gola na ve\u010derjo \/ Pyjama pour six<\/em> wurde er beim Festival der Kom\u00f6die Pekre 2017 mit dem Preis \u201eBester Schauspieler\/Komiker\u201c ausgezeichnet. Dar\u00fcber hinaus tritt er seit mehreren Jahren regelm\u00e4\u00dfig mit der internationalen Company Povezani auf, die Schauspiel, klassische Musik und Akrobatik zu interdisziplin\u00e4ren Projekten verbindet.<\/p>\n<p>Seine Ausbildung erhielt Miha zun\u00e4chst bei Prof. Alenka Slokar Bajc in Ljubljana und anschlie\u00dfend an der Hochschule f\u00fcr Musik Hanns Eisler Berlin bei Prof. Dr. Michail Lanskoi. Wichtige Impulse erhielt er au\u00dferdem in Meisterkursen u. a. von Peter Berne, Hedwig Fassbender, Ren\u00e9 Massis, Enrico Maria Cacciari, Fausto Nardi, Dara Hobbs und Kobie van Rensburg.<\/p>\n<p>Er wurde mit Stipendien des K\u00f6lner Gymnasial- und Stiftungsfonds, der Ottilie-Selbach-Redlobs-Stiftung, der Lucia-L\u00f6ser-Stiftung sowie des Kulturministeriums der Republik Slowenien gef\u00f6rdert.<\/p>\n<p>[\/et_pb_text][et_pb_text disabled_on=&#8220;off|off|off&#8220; admin_label=&#8220;Quote &#8211; Pekre&#8220; _builder_version=&#8220;4.16&#8243; _module_preset=&#8220;default&#8220; text_font_size=&#8220;20px&#8220; text_line_height=&#8220;1.8em&#8220; header_3_line_height=&#8220;1.4em&#8220; background_color=&#8220;#FFFFFF&#8220; custom_padding=&#8220;25px|25px|25px|25px|true|true&#8220; global_colors_info=&#8220;{}&#8220;]<\/p>\n<h3><em>&#8222;<\/em><em>Miha Brkinja\u010d stand nur kurze Zeit als Ehemann der eifers\u00fcchtigen Kochin auf der B\u00fchne, hinterlie\u00df aber einen sehr starken Eindruck in der Auff\u00fchrung. Er \u00fcbernahm den Raum und das Geschehen auf der B\u00fchne komplett. Er sprach so unverf\u00e4lscht, lebendig, saftig und entspannt, dass man ihm zugestehen muss, dass er ein wahrer Meister des Ausdrucks ist, und er bewegte sich mit einer solchen Agilit\u00e4t und Lebendigkeit, dass er in seiner schauspielerischen Interpretation \u00e4u\u00dferst \u00fcberzeugend und raffiniert war. Auch als der Vorhang fiel, h\u00f6rte er nicht auf zu spielen, und auch da setzte er sein Sahneh\u00e4ubchen auf den Kuchen.<\/em><em>&#8222;<\/em><\/h3>\n<h4>&#8211; Festival der Kom\u00f6die Pekre, Slowenien<\/h4>\n<p>[\/et_pb_text][\/et_pb_column][\/et_pb_row][\/et_pb_section]<\/p>\n","protected":false},"excerpt":{"rendered":"<p>&#8222;Als Gesangssolist stand Miha Brkinja\u010ddem Chefdirigentenund seinem Orchester in Sachen Virtuosit\u00e4t, L\u00e4ssigkeitund Lebensfreudein nichts nach.&#8220; &#8211; Heiko Schulze, Kurier Uckermark\u201eMiha Brkinja\u010d stand als Gesangssolist in Virtuosit\u00e4t, L\u00e4ssigkeit und purer Lebenslust [&hellip;]<\/p>\n","protected":false},"author":1,"featured_media":0,"parent":0,"menu_order":0,"comment_status":"closed","ping_status":"closed","template":"","meta":{"_et_pb_use_builder":"on","_et_pb_old_content":"","_et_gb_content_width":"","footnotes":""},"class_list":["post-662","page","type-page","status-publish","hentry"],"yoast_head":"<!-- This site is optimized with the Yoast SEO plugin v27.4 - https:\/\/yoast.com\/product\/yoast-seo-wordpress\/ -->\n<title>Miha - Miha Brkinja\u010d<\/title>\n<meta name=\"robots\" content=\"index, follow, max-snippet:-1, max-image-preview:large, max-video-preview:-1\" \/>\n<link rel=\"canonical\" href=\"https:\/\/www.mihabrkinjac.com\/de\/miha\/\" \/>\n<meta property=\"og:locale\" content=\"de_DE\" \/>\n<meta property=\"og:type\" content=\"article\" \/>\n<meta property=\"og:title\" content=\"Miha - Miha Brkinja\u010d\" \/>\n<meta property=\"og:description\" content=\"&quot;Als Gesangssolist stand Miha Brkinja\u010ddem Chefdirigentenund seinem Orchester in Sachen Virtuosit\u00e4t, L\u00e4ssigkeitund Lebensfreudein nichts nach.&quot; - Heiko Schulze, Kurier Uckermark\u201eMiha Brkinja\u010d stand als Gesangssolist in Virtuosit\u00e4t, L\u00e4ssigkeit und purer Lebenslust [&hellip;]\" \/>\n<meta property=\"og:url\" content=\"https:\/\/www.mihabrkinjac.com\/de\/miha\/\" \/>\n<meta property=\"og:site_name\" content=\"Miha Brkinja\u010d\" \/>\n<meta property=\"article:publisher\" content=\"https:\/\/www.facebook.com\/miha.brkinjac\/\" \/>\n<meta property=\"article:modified_time\" content=\"2026-04-10T15:49:23+00:00\" \/>\n<meta name=\"twitter:card\" content=\"summary_large_image\" \/>\n<meta name=\"twitter:label1\" content=\"Gesch\u00e4tzte Lesezeit\" \/>\n\t<meta name=\"twitter:data1\" content=\"4\u00a0Minuten\" \/>\n<script type=\"application\/ld+json\" class=\"yoast-schema-graph\">{\"@context\":\"https:\\\/\\\/schema.org\",\"@graph\":[{\"@type\":\"WebPage\",\"@id\":\"https:\\\/\\\/www.mihabrkinjac.com\\\/de\\\/miha\\\/\",\"url\":\"https:\\\/\\\/www.mihabrkinjac.com\\\/de\\\/miha\\\/\",\"name\":\"Miha - Miha Brkinja\u010d\",\"isPartOf\":{\"@id\":\"https:\\\/\\\/www.mihabrkinjac.com\\\/de\\\/#website\"},\"datePublished\":\"2022-02-13T20:06:22+00:00\",\"dateModified\":\"2026-04-10T15:49:23+00:00\",\"breadcrumb\":{\"@id\":\"https:\\\/\\\/www.mihabrkinjac.com\\\/de\\\/miha\\\/#breadcrumb\"},\"inLanguage\":\"de\",\"potentialAction\":[{\"@type\":\"ReadAction\",\"target\":[\"https:\\\/\\\/www.mihabrkinjac.com\\\/de\\\/miha\\\/\"]}]},{\"@type\":\"BreadcrumbList\",\"@id\":\"https:\\\/\\\/www.mihabrkinjac.com\\\/de\\\/miha\\\/#breadcrumb\",\"itemListElement\":[{\"@type\":\"ListItem\",\"position\":1,\"name\":\"Home\",\"item\":\"https:\\\/\\\/www.mihabrkinjac.com\\\/de\\\/\"},{\"@type\":\"ListItem\",\"position\":2,\"name\":\"Miha\"}]},{\"@type\":\"WebSite\",\"@id\":\"https:\\\/\\\/www.mihabrkinjac.com\\\/de\\\/#website\",\"url\":\"https:\\\/\\\/www.mihabrkinjac.com\\\/de\\\/\",\"name\":\"Miha Brkinja\u010d\",\"description\":\"#operasinger #baritone #actor\",\"publisher\":{\"@id\":\"https:\\\/\\\/www.mihabrkinjac.com\\\/de\\\/#\\\/schema\\\/person\\\/1959accd459140388007f0a3b646f638\"},\"potentialAction\":[{\"@type\":\"SearchAction\",\"target\":{\"@type\":\"EntryPoint\",\"urlTemplate\":\"https:\\\/\\\/www.mihabrkinjac.com\\\/de\\\/?s={search_term_string}\"},\"query-input\":{\"@type\":\"PropertyValueSpecification\",\"valueRequired\":true,\"valueName\":\"search_term_string\"}}],\"inLanguage\":\"de\"},{\"@type\":[\"Person\",\"Organization\"],\"@id\":\"https:\\\/\\\/www.mihabrkinjac.com\\\/de\\\/#\\\/schema\\\/person\\\/1959accd459140388007f0a3b646f638\",\"name\":\"Miha Brkinja\u010d\",\"image\":{\"@type\":\"ImageObject\",\"inLanguage\":\"de\",\"@id\":\"https:\\\/\\\/www.mihabrkinjac.com\\\/wp-content\\\/uploads\\\/2022\\\/02\\\/20200911-BoazArad-3W3A2774-Edit-Edit-scaled.jpg\",\"url\":\"https:\\\/\\\/www.mihabrkinjac.com\\\/wp-content\\\/uploads\\\/2022\\\/02\\\/20200911-BoazArad-3W3A2774-Edit-Edit-scaled.jpg\",\"contentUrl\":\"https:\\\/\\\/www.mihabrkinjac.com\\\/wp-content\\\/uploads\\\/2022\\\/02\\\/20200911-BoazArad-3W3A2774-Edit-Edit-scaled.jpg\",\"width\":2560,\"height\":1707,\"caption\":\"Miha Brkinja\u010d\"},\"logo\":{\"@id\":\"https:\\\/\\\/www.mihabrkinjac.com\\\/wp-content\\\/uploads\\\/2022\\\/02\\\/20200911-BoazArad-3W3A2774-Edit-Edit-scaled.jpg\"},\"description\":\"Baritone Miha Brkinja\u010d was born in Ljubljana, Slovenia. After taking first vocal lessons in his hometown of Ljubljana under Prof. Alenka Slokar Bajc, he continued his studies at the Academy of Music Hanns Eisler Berlin under Prof.Dr. Michail Lanskoi. Since the beginning of the season 2022\\\/2023 Miha is a member of the opera studio Niederrhein at the Theater Krefeld und M\u00f6nchengladbach. He worked with and participated in masterclasses with Wolfram Rieger, Peter Berne, Hedwig Fassbender, Rene Massis, Steffan Schleiermacher, Kobie van Rensburg, Antonio Lemmo among others. His recent operatic roles include Don Giovanni in Mozart\u2019s Don Giovanni, Onegin in Tchaikovsky\u2019s Eugene Onegin, Ferryman in Britten\u2019s Curlew River and The Venetian in Rimski-Korsakov\u2019s Sadko. He is also an active concert and recital singer in Germany and Slovenia with a special affection for a German, Russian and Slovenian art song repertoire and chanson. Along with his operatic activity, Miha is also active as an actor in Slovenia and Germany. A highlight of his acting activity is the founding of the theatre ensemble \u201cKUD \u0160kofljica\u201d, with which he celebrated numerous successes on stages all over Slovenia. In 2017 he was awarded the \u201cBest Actor \\\/ Comedian 2017\u201d award for the role of Jean in the play \u201cPridi gola na ve\u010derjo \\\/ Pyjama pour six\u201d by Marc Camoletti at the Festival of Comedy Pekre 2017, Slovenia.\",\"sameAs\":[\"https:\\\/\\\/www.mihabrkinjac.com\",\"https:\\\/\\\/www.facebook.com\\\/miha.brkinjac\\\/\",\"https:\\\/\\\/www.instagram.com\\\/mihabrkinjac\\\/\",\"https:\\\/\\\/www.youtube.com\\\/mihabrkinjac\"]}]}<\/script>\n<!-- \/ Yoast SEO plugin. -->","yoast_head_json":{"title":"Miha - Miha Brkinja\u010d","robots":{"index":"index","follow":"follow","max-snippet":"max-snippet:-1","max-image-preview":"max-image-preview:large","max-video-preview":"max-video-preview:-1"},"canonical":"https:\/\/www.mihabrkinjac.com\/de\/miha\/","og_locale":"de_DE","og_type":"article","og_title":"Miha - Miha Brkinja\u010d","og_description":"\"Als Gesangssolist stand Miha Brkinja\u010ddem Chefdirigentenund seinem Orchester in Sachen Virtuosit\u00e4t, L\u00e4ssigkeitund Lebensfreudein nichts nach.\" - Heiko Schulze, Kurier Uckermark\u201eMiha Brkinja\u010d stand als Gesangssolist in Virtuosit\u00e4t, L\u00e4ssigkeit und purer Lebenslust [&hellip;]","og_url":"https:\/\/www.mihabrkinjac.com\/de\/miha\/","og_site_name":"Miha Brkinja\u010d","article_publisher":"https:\/\/www.facebook.com\/miha.brkinjac\/","article_modified_time":"2026-04-10T15:49:23+00:00","twitter_card":"summary_large_image","twitter_misc":{"Gesch\u00e4tzte Lesezeit":"4\u00a0Minuten"},"schema":{"@context":"https:\/\/schema.org","@graph":[{"@type":"WebPage","@id":"https:\/\/www.mihabrkinjac.com\/de\/miha\/","url":"https:\/\/www.mihabrkinjac.com\/de\/miha\/","name":"Miha - Miha Brkinja\u010d","isPartOf":{"@id":"https:\/\/www.mihabrkinjac.com\/de\/#website"},"datePublished":"2022-02-13T20:06:22+00:00","dateModified":"2026-04-10T15:49:23+00:00","breadcrumb":{"@id":"https:\/\/www.mihabrkinjac.com\/de\/miha\/#breadcrumb"},"inLanguage":"de","potentialAction":[{"@type":"ReadAction","target":["https:\/\/www.mihabrkinjac.com\/de\/miha\/"]}]},{"@type":"BreadcrumbList","@id":"https:\/\/www.mihabrkinjac.com\/de\/miha\/#breadcrumb","itemListElement":[{"@type":"ListItem","position":1,"name":"Home","item":"https:\/\/www.mihabrkinjac.com\/de\/"},{"@type":"ListItem","position":2,"name":"Miha"}]},{"@type":"WebSite","@id":"https:\/\/www.mihabrkinjac.com\/de\/#website","url":"https:\/\/www.mihabrkinjac.com\/de\/","name":"Miha Brkinja\u010d","description":"#operasinger #baritone #actor","publisher":{"@id":"https:\/\/www.mihabrkinjac.com\/de\/#\/schema\/person\/1959accd459140388007f0a3b646f638"},"potentialAction":[{"@type":"SearchAction","target":{"@type":"EntryPoint","urlTemplate":"https:\/\/www.mihabrkinjac.com\/de\/?s={search_term_string}"},"query-input":{"@type":"PropertyValueSpecification","valueRequired":true,"valueName":"search_term_string"}}],"inLanguage":"de"},{"@type":["Person","Organization"],"@id":"https:\/\/www.mihabrkinjac.com\/de\/#\/schema\/person\/1959accd459140388007f0a3b646f638","name":"Miha Brkinja\u010d","image":{"@type":"ImageObject","inLanguage":"de","@id":"https:\/\/www.mihabrkinjac.com\/wp-content\/uploads\/2022\/02\/20200911-BoazArad-3W3A2774-Edit-Edit-scaled.jpg","url":"https:\/\/www.mihabrkinjac.com\/wp-content\/uploads\/2022\/02\/20200911-BoazArad-3W3A2774-Edit-Edit-scaled.jpg","contentUrl":"https:\/\/www.mihabrkinjac.com\/wp-content\/uploads\/2022\/02\/20200911-BoazArad-3W3A2774-Edit-Edit-scaled.jpg","width":2560,"height":1707,"caption":"Miha Brkinja\u010d"},"logo":{"@id":"https:\/\/www.mihabrkinjac.com\/wp-content\/uploads\/2022\/02\/20200911-BoazArad-3W3A2774-Edit-Edit-scaled.jpg"},"description":"Baritone Miha Brkinja\u010d was born in Ljubljana, Slovenia. After taking first vocal lessons in his hometown of Ljubljana under Prof. Alenka Slokar Bajc, he continued his studies at the Academy of Music Hanns Eisler Berlin under Prof.Dr. Michail Lanskoi. Since the beginning of the season 2022\/2023 Miha is a member of the opera studio Niederrhein at the Theater Krefeld und M\u00f6nchengladbach. He worked with and participated in masterclasses with Wolfram Rieger, Peter Berne, Hedwig Fassbender, Rene Massis, Steffan Schleiermacher, Kobie van Rensburg, Antonio Lemmo among others. His recent operatic roles include Don Giovanni in Mozart\u2019s Don Giovanni, Onegin in Tchaikovsky\u2019s Eugene Onegin, Ferryman in Britten\u2019s Curlew River and The Venetian in Rimski-Korsakov\u2019s Sadko. He is also an active concert and recital singer in Germany and Slovenia with a special affection for a German, Russian and Slovenian art song repertoire and chanson. Along with his operatic activity, Miha is also active as an actor in Slovenia and Germany. A highlight of his acting activity is the founding of the theatre ensemble \u201cKUD \u0160kofljica\u201d, with which he celebrated numerous successes on stages all over Slovenia. In 2017 he was awarded the \u201cBest Actor \/ Comedian 2017\u201d award for the role of Jean in the play \u201cPridi gola na ve\u010derjo \/ Pyjama pour six\u201d by Marc Camoletti at the Festival of Comedy Pekre 2017, Slovenia.","sameAs":["https:\/\/www.mihabrkinjac.com","https:\/\/www.facebook.com\/miha.brkinjac\/","https:\/\/www.instagram.com\/mihabrkinjac\/","https:\/\/www.youtube.com\/mihabrkinjac"]}]}},"_links":{"self":[{"href":"https:\/\/www.mihabrkinjac.com\/de\/wp-json\/wp\/v2\/pages\/662","targetHints":{"allow":["GET"]}}],"collection":[{"href":"https:\/\/www.mihabrkinjac.com\/de\/wp-json\/wp\/v2\/pages"}],"about":[{"href":"https:\/\/www.mihabrkinjac.com\/de\/wp-json\/wp\/v2\/types\/page"}],"author":[{"embeddable":true,"href":"https:\/\/www.mihabrkinjac.com\/de\/wp-json\/wp\/v2\/users\/1"}],"replies":[{"embeddable":true,"href":"https:\/\/www.mihabrkinjac.com\/de\/wp-json\/wp\/v2\/comments?post=662"}],"version-history":[{"count":49,"href":"https:\/\/www.mihabrkinjac.com\/de\/wp-json\/wp\/v2\/pages\/662\/revisions"}],"predecessor-version":[{"id":2735,"href":"https:\/\/www.mihabrkinjac.com\/de\/wp-json\/wp\/v2\/pages\/662\/revisions\/2735"}],"wp:attachment":[{"href":"https:\/\/www.mihabrkinjac.com\/de\/wp-json\/wp\/v2\/media?parent=662"}],"curies":[{"name":"wp","href":"https:\/\/api.w.org\/{rel}","templated":true}]}}