{"id":677,"date":"2022-02-15T20:32:49","date_gmt":"2022-02-15T19:32:49","guid":{"rendered":"https:\/\/www.mihabrkinjac.com\/impressum\/"},"modified":"2026-04-15T11:03:18","modified_gmt":"2026-04-15T10:03:18","slug":"impressum","status":"publish","type":"page","link":"https:\/\/www.mihabrkinjac.com\/de\/impressum\/","title":{"rendered":"Impressum"},"content":{"rendered":"<p>[et_pb_section fb_built=&#8220;1&#8243; fullwidth=&#8220;on&#8220; disabled_on=&#8220;on|on|on&#8220; _builder_version=&#8220;4.16&#8243; _module_preset=&#8220;default&#8220; top_divider_color=&#8220;#FAD44F&#8220; bottom_divider_style=&#8220;slant2&#8243; bottom_divider_color=&#8220;#FFFFFF&#8220; bottom_divider_height=&#8220;59px&#8220; disabled=&#8220;on&#8220; global_colors_info=&#8220;{}&#8220;][et_pb_fullwidth_header title=&#8220;Impressum&#8220; _builder_version=&#8220;4.16&#8243; _module_preset=&#8220;default&#8220; title_font=&#8220;|700||on|||||&#8220; title_text_color=&#8220;#000000&#8243; title_font_size=&#8220;50px&#8220; content_text_align=&#8220;right&#8220; background_enable_image=&#8220;off&#8220; background_layout=&#8220;light&#8220; min_height=&#8220;170px&#8220; title_font_size_tablet=&#8220;30px&#8220; title_font_size_phone=&#8220;30px&#8220; title_font_size_last_edited=&#8220;on|tablet&#8220; global_colors_info=&#8220;{}&#8220;][\/et_pb_fullwidth_header][\/et_pb_section][et_pb_section fb_built=&#8220;1&#8243; fullwidth=&#8220;on&#8220; _builder_version=&#8220;4.16&#8243; _module_preset=&#8220;default&#8220; top_divider_color=&#8220;#FAD44F&#8220; bottom_divider_style=&#8220;slant2&#8243; bottom_divider_color=&#8220;#fad44f&#8220; bottom_divider_height=&#8220;160px&#8220; bottom_divider_repeat=&#8220;1x&#8220; locked=&#8220;off&#8220; global_colors_info=&#8220;{}&#8220;][et_pb_fullwidth_header title=&#8220;Impressum&#8220; header_fullscreen=&#8220;on&#8220; module_class=&#8220;custom-header&#8220; _builder_version=&#8220;4.16&#8243; _module_preset=&#8220;default&#8220; title_font=&#8220;|700||on|||||&#8220; title_text_color=&#8220;#000000&#8243; title_font_size=&#8220;50px&#8220; content_text_align=&#8220;right&#8220; background_image=&#8220;https:\/\/www.mihabrkinjac.com\/wp-content\/uploads\/2022\/02\/20200911-BoazArad-3W3A2405-Edit-scaled.jpg&#8220; background_layout=&#8220;light&#8220; min_height=&#8220;569px&#8220; title_font_size_tablet=&#8220;26px&#8220; title_font_size_phone=&#8220;26px&#8220; title_font_size_last_edited=&#8220;on|phone&#8220; global_colors_info=&#8220;{}&#8220;][\/et_pb_fullwidth_header][\/et_pb_section][et_pb_section fb_built=&#8220;1&#8243; _builder_version=&#8220;4.16&#8243; _module_preset=&#8220;default&#8220; background_color=&#8220;#FFFFFF&#8220; custom_padding=&#8220;0px||||false|false&#8220; global_colors_info=&#8220;{}&#8220;][et_pb_row _builder_version=&#8220;4.16&#8243; _module_preset=&#8220;default&#8220; global_colors_info=&#8220;{}&#8220;][et_pb_column type=&#8220;4_4&#8243; _builder_version=&#8220;4.16&#8243; _module_preset=&#8220;default&#8220; global_colors_info=&#8220;{}&#8220;][et_pb_text admin_label=&#8220;Legal Notice&#8220; _builder_version=&#8220;4.27.6&#8243; _module_preset=&#8220;default&#8220; text_font_size=&#8220;18px&#8220; custom_padding=&#8220;||20px||false|false&#8220; hover_enabled=&#8220;0&#8243; global_colors_info=&#8220;{}&#8220; sticky_enabled=&#8220;0&#8243;]<\/p>\n<p>Miha Brkinja\u010d<br \/>miha@mihabrkinjac.com<\/p>\n<hr>\n<h3>Haftungsausschluss<\/h3>\n<p>Als Diensteanbieter sind wir gem\u00e4\u00df \u00a7 7 Abs.1 TMG f\u00fcr eigene Inhalte auf diesen Seiten nach den allgemeinen Gesetzen verantwortlich. Nach \u00a7\u00a7 8 bis 10 TMG sind wir als Diensteanbieter jedoch nicht verpflichtet, \u00fcbermittelte oder gespeicherte fremde Informationen zu \u00fcberwachen oder nach Umst\u00e4nden zu forschen, die auf eine rechtswidrige T\u00e4tigkeit hinweisen. Verpflichtungen zur Entfernung oder Sperrung der Nutzung von Informationen nach den allgemeinen Gesetzen bleiben hiervon unber\u00fchrt. Eine diesbez\u00fcgliche Haftung ist jedoch erst ab dem Zeitpunkt der Kenntnis einer konkreten Rechtsverletzung m\u00f6glich. Bei Bekanntwerden von entsprechenden Rechtsverletzungen werden wir diese Inhalte umgehend entfernen.<\/p>\n<p><span id=\"boutique\">Unser Angebot enth\u00e4lt Links zu externen Websites Dritter, auf deren Inhalte wir keinen Einfluss haben. Deshalb k\u00f6nnen wir f\u00fcr diese fremden Inhalte auch keine Gew\u00e4hr \u00fcbernehmen. F\u00fcr die Inhalte der verlinkten Seiten ist stets der jeweilige Anbieter oder Betreiber der Seiten verantwortlich. Die verlinkten Seiten wurden zum Zeitpunkt der Verlinkung auf m\u00f6gliche Rechtsverst\u00f6\u00dfe \u00fcberpr\u00fcft. Rechtswidrige Inhalte waren zum Zeitpunkt der Verlinkung nicht erkennbar.<\/span> Eine permanente inhaltliche Kontrolle der verlinkten Seiten ist jedoch ohne konkrete Anhaltspunkte einer Rechtsverletzung nicht zumutbar. Bei Bekanntwerden von Rechtsverletzungen werden wir derartige Links umgehend entfernen. Die durch die Seitenbetreiber erstellten Inhalte und Werke auf diesen Seiten unterliegen dem deutschen Urheberrecht. Die Vervielf\u00e4ltigung, Bearbeitung, Verbreitung und jede Art der Verwertung au\u00dferhalb der Grenzen des Urheberrechtes bed\u00fcrfen der schriftlichen Zustimmung des jeweiligen Autors bzw. Erstellers. Downloads und Kopien dieser Seite sind nur f\u00fcr den privaten, nicht kommerziellen Gebrauch gestattet. Soweit die Inhalte auf dieser Seite nicht vom Betreiber erstellt wurden, werden die Urheberrechte Dritter beachtet. Insbesondere werden Inhalte Dritter als solche gekennzeichnet. Sollten Sie trotzdem auf eine Urheberrechtsverletzung aufmerksam werden, bitten wir um einen entsprechenden Hinweis. Bei Bekanntwerden von Rechtsverletzungen werden wir derartige Inhalte umgehend entfernen.<\/p>\n<p>[\/et_pb_text][\/et_pb_column][\/et_pb_row][\/et_pb_section]<\/p>\n","protected":false},"excerpt":{"rendered":"<p>Miha Brkinja\u010dmiha@mihabrkinjac.com Haftungsausschluss Als Diensteanbieter sind wir gem\u00e4\u00df \u00a7 7 Abs.1 TMG f\u00fcr eigene Inhalte auf diesen Seiten nach den allgemeinen Gesetzen verantwortlich. Nach \u00a7\u00a7 8 bis 10 TMG sind [&hellip;]<\/p>\n","protected":false},"author":1,"featured_media":0,"parent":0,"menu_order":0,"comment_status":"closed","ping_status":"closed","template":"","meta":{"_et_pb_use_builder":"on","_et_pb_old_content":"","_et_gb_content_width":"","footnotes":""},"class_list":["post-677","page","type-page","status-publish","hentry"],"yoast_head":"<!-- This site is optimized with the Yoast SEO plugin v27.4 - https:\/\/yoast.com\/product\/yoast-seo-wordpress\/ -->\n<title>Impressum - Miha Brkinja\u010d<\/title>\n<meta name=\"robots\" content=\"index, follow, max-snippet:-1, max-image-preview:large, max-video-preview:-1\" \/>\n<link rel=\"canonical\" href=\"https:\/\/www.mihabrkinjac.com\/de\/impressum\/\" \/>\n<meta property=\"og:locale\" content=\"de_DE\" \/>\n<meta property=\"og:type\" content=\"article\" \/>\n<meta property=\"og:title\" content=\"Impressum - Miha Brkinja\u010d\" \/>\n<meta property=\"og:description\" content=\"Miha Brkinja\u010dmiha@mihabrkinjac.com Haftungsausschluss Als Diensteanbieter sind wir gem\u00e4\u00df \u00a7 7 Abs.1 TMG f\u00fcr eigene Inhalte auf diesen Seiten nach den allgemeinen Gesetzen verantwortlich. Nach \u00a7\u00a7 8 bis 10 TMG sind [&hellip;]\" \/>\n<meta property=\"og:url\" content=\"https:\/\/www.mihabrkinjac.com\/de\/impressum\/\" \/>\n<meta property=\"og:site_name\" content=\"Miha Brkinja\u010d\" \/>\n<meta property=\"article:publisher\" content=\"https:\/\/www.facebook.com\/miha.brkinjac\/\" \/>\n<meta property=\"article:modified_time\" content=\"2026-04-15T10:03:18+00:00\" \/>\n<meta name=\"twitter:card\" content=\"summary_large_image\" \/>\n<meta name=\"twitter:label1\" content=\"Gesch\u00e4tzte Lesezeit\" \/>\n\t<meta name=\"twitter:data1\" content=\"3\u00a0Minuten\" \/>\n<script type=\"application\/ld+json\" class=\"yoast-schema-graph\">{\"@context\":\"https:\\\/\\\/schema.org\",\"@graph\":[{\"@type\":\"WebPage\",\"@id\":\"https:\\\/\\\/www.mihabrkinjac.com\\\/de\\\/impressum\\\/\",\"url\":\"https:\\\/\\\/www.mihabrkinjac.com\\\/de\\\/impressum\\\/\",\"name\":\"Impressum - Miha Brkinja\u010d\",\"isPartOf\":{\"@id\":\"https:\\\/\\\/www.mihabrkinjac.com\\\/de\\\/#website\"},\"datePublished\":\"2022-02-15T19:32:49+00:00\",\"dateModified\":\"2026-04-15T10:03:18+00:00\",\"breadcrumb\":{\"@id\":\"https:\\\/\\\/www.mihabrkinjac.com\\\/de\\\/impressum\\\/#breadcrumb\"},\"inLanguage\":\"de\",\"potentialAction\":[{\"@type\":\"ReadAction\",\"target\":[\"https:\\\/\\\/www.mihabrkinjac.com\\\/de\\\/impressum\\\/\"]}]},{\"@type\":\"BreadcrumbList\",\"@id\":\"https:\\\/\\\/www.mihabrkinjac.com\\\/de\\\/impressum\\\/#breadcrumb\",\"itemListElement\":[{\"@type\":\"ListItem\",\"position\":1,\"name\":\"Home\",\"item\":\"https:\\\/\\\/www.mihabrkinjac.com\\\/de\\\/\"},{\"@type\":\"ListItem\",\"position\":2,\"name\":\"Impressum\"}]},{\"@type\":\"WebSite\",\"@id\":\"https:\\\/\\\/www.mihabrkinjac.com\\\/de\\\/#website\",\"url\":\"https:\\\/\\\/www.mihabrkinjac.com\\\/de\\\/\",\"name\":\"Miha Brkinja\u010d\",\"description\":\"#operasinger #baritone #actor\",\"publisher\":{\"@id\":\"https:\\\/\\\/www.mihabrkinjac.com\\\/de\\\/#\\\/schema\\\/person\\\/1959accd459140388007f0a3b646f638\"},\"potentialAction\":[{\"@type\":\"SearchAction\",\"target\":{\"@type\":\"EntryPoint\",\"urlTemplate\":\"https:\\\/\\\/www.mihabrkinjac.com\\\/de\\\/?s={search_term_string}\"},\"query-input\":{\"@type\":\"PropertyValueSpecification\",\"valueRequired\":true,\"valueName\":\"search_term_string\"}}],\"inLanguage\":\"de\"},{\"@type\":[\"Person\",\"Organization\"],\"@id\":\"https:\\\/\\\/www.mihabrkinjac.com\\\/de\\\/#\\\/schema\\\/person\\\/1959accd459140388007f0a3b646f638\",\"name\":\"Miha Brkinja\u010d\",\"image\":{\"@type\":\"ImageObject\",\"inLanguage\":\"de\",\"@id\":\"https:\\\/\\\/www.mihabrkinjac.com\\\/wp-content\\\/uploads\\\/2022\\\/02\\\/20200911-BoazArad-3W3A2774-Edit-Edit-scaled.jpg\",\"url\":\"https:\\\/\\\/www.mihabrkinjac.com\\\/wp-content\\\/uploads\\\/2022\\\/02\\\/20200911-BoazArad-3W3A2774-Edit-Edit-scaled.jpg\",\"contentUrl\":\"https:\\\/\\\/www.mihabrkinjac.com\\\/wp-content\\\/uploads\\\/2022\\\/02\\\/20200911-BoazArad-3W3A2774-Edit-Edit-scaled.jpg\",\"width\":2560,\"height\":1707,\"caption\":\"Miha Brkinja\u010d\"},\"logo\":{\"@id\":\"https:\\\/\\\/www.mihabrkinjac.com\\\/wp-content\\\/uploads\\\/2022\\\/02\\\/20200911-BoazArad-3W3A2774-Edit-Edit-scaled.jpg\"},\"description\":\"Baritone Miha Brkinja\u010d was born in Ljubljana, Slovenia. After taking first vocal lessons in his hometown of Ljubljana under Prof. Alenka Slokar Bajc, he continued his studies at the Academy of Music Hanns Eisler Berlin under Prof.Dr. Michail Lanskoi. Since the beginning of the season 2022\\\/2023 Miha is a member of the opera studio Niederrhein at the Theater Krefeld und M\u00f6nchengladbach. He worked with and participated in masterclasses with Wolfram Rieger, Peter Berne, Hedwig Fassbender, Rene Massis, Steffan Schleiermacher, Kobie van Rensburg, Antonio Lemmo among others. His recent operatic roles include Don Giovanni in Mozart\u2019s Don Giovanni, Onegin in Tchaikovsky\u2019s Eugene Onegin, Ferryman in Britten\u2019s Curlew River and The Venetian in Rimski-Korsakov\u2019s Sadko. He is also an active concert and recital singer in Germany and Slovenia with a special affection for a German, Russian and Slovenian art song repertoire and chanson. Along with his operatic activity, Miha is also active as an actor in Slovenia and Germany. A highlight of his acting activity is the founding of the theatre ensemble \u201cKUD \u0160kofljica\u201d, with which he celebrated numerous successes on stages all over Slovenia. In 2017 he was awarded the \u201cBest Actor \\\/ Comedian 2017\u201d award for the role of Jean in the play \u201cPridi gola na ve\u010derjo \\\/ Pyjama pour six\u201d by Marc Camoletti at the Festival of Comedy Pekre 2017, Slovenia.\",\"sameAs\":[\"https:\\\/\\\/www.mihabrkinjac.com\",\"https:\\\/\\\/www.facebook.com\\\/miha.brkinjac\\\/\",\"https:\\\/\\\/www.instagram.com\\\/mihabrkinjac\\\/\",\"https:\\\/\\\/www.youtube.com\\\/mihabrkinjac\"]}]}<\/script>\n<!-- \/ Yoast SEO plugin. -->","yoast_head_json":{"title":"Impressum - Miha Brkinja\u010d","robots":{"index":"index","follow":"follow","max-snippet":"max-snippet:-1","max-image-preview":"max-image-preview:large","max-video-preview":"max-video-preview:-1"},"canonical":"https:\/\/www.mihabrkinjac.com\/de\/impressum\/","og_locale":"de_DE","og_type":"article","og_title":"Impressum - Miha Brkinja\u010d","og_description":"Miha Brkinja\u010dmiha@mihabrkinjac.com Haftungsausschluss Als Diensteanbieter sind wir gem\u00e4\u00df \u00a7 7 Abs.1 TMG f\u00fcr eigene Inhalte auf diesen Seiten nach den allgemeinen Gesetzen verantwortlich. Nach \u00a7\u00a7 8 bis 10 TMG sind [&hellip;]","og_url":"https:\/\/www.mihabrkinjac.com\/de\/impressum\/","og_site_name":"Miha Brkinja\u010d","article_publisher":"https:\/\/www.facebook.com\/miha.brkinjac\/","article_modified_time":"2026-04-15T10:03:18+00:00","twitter_card":"summary_large_image","twitter_misc":{"Gesch\u00e4tzte Lesezeit":"3\u00a0Minuten"},"schema":{"@context":"https:\/\/schema.org","@graph":[{"@type":"WebPage","@id":"https:\/\/www.mihabrkinjac.com\/de\/impressum\/","url":"https:\/\/www.mihabrkinjac.com\/de\/impressum\/","name":"Impressum - Miha Brkinja\u010d","isPartOf":{"@id":"https:\/\/www.mihabrkinjac.com\/de\/#website"},"datePublished":"2022-02-15T19:32:49+00:00","dateModified":"2026-04-15T10:03:18+00:00","breadcrumb":{"@id":"https:\/\/www.mihabrkinjac.com\/de\/impressum\/#breadcrumb"},"inLanguage":"de","potentialAction":[{"@type":"ReadAction","target":["https:\/\/www.mihabrkinjac.com\/de\/impressum\/"]}]},{"@type":"BreadcrumbList","@id":"https:\/\/www.mihabrkinjac.com\/de\/impressum\/#breadcrumb","itemListElement":[{"@type":"ListItem","position":1,"name":"Home","item":"https:\/\/www.mihabrkinjac.com\/de\/"},{"@type":"ListItem","position":2,"name":"Impressum"}]},{"@type":"WebSite","@id":"https:\/\/www.mihabrkinjac.com\/de\/#website","url":"https:\/\/www.mihabrkinjac.com\/de\/","name":"Miha Brkinja\u010d","description":"#operasinger #baritone #actor","publisher":{"@id":"https:\/\/www.mihabrkinjac.com\/de\/#\/schema\/person\/1959accd459140388007f0a3b646f638"},"potentialAction":[{"@type":"SearchAction","target":{"@type":"EntryPoint","urlTemplate":"https:\/\/www.mihabrkinjac.com\/de\/?s={search_term_string}"},"query-input":{"@type":"PropertyValueSpecification","valueRequired":true,"valueName":"search_term_string"}}],"inLanguage":"de"},{"@type":["Person","Organization"],"@id":"https:\/\/www.mihabrkinjac.com\/de\/#\/schema\/person\/1959accd459140388007f0a3b646f638","name":"Miha Brkinja\u010d","image":{"@type":"ImageObject","inLanguage":"de","@id":"https:\/\/www.mihabrkinjac.com\/wp-content\/uploads\/2022\/02\/20200911-BoazArad-3W3A2774-Edit-Edit-scaled.jpg","url":"https:\/\/www.mihabrkinjac.com\/wp-content\/uploads\/2022\/02\/20200911-BoazArad-3W3A2774-Edit-Edit-scaled.jpg","contentUrl":"https:\/\/www.mihabrkinjac.com\/wp-content\/uploads\/2022\/02\/20200911-BoazArad-3W3A2774-Edit-Edit-scaled.jpg","width":2560,"height":1707,"caption":"Miha Brkinja\u010d"},"logo":{"@id":"https:\/\/www.mihabrkinjac.com\/wp-content\/uploads\/2022\/02\/20200911-BoazArad-3W3A2774-Edit-Edit-scaled.jpg"},"description":"Baritone Miha Brkinja\u010d was born in Ljubljana, Slovenia. After taking first vocal lessons in his hometown of Ljubljana under Prof. Alenka Slokar Bajc, he continued his studies at the Academy of Music Hanns Eisler Berlin under Prof.Dr. Michail Lanskoi. Since the beginning of the season 2022\/2023 Miha is a member of the opera studio Niederrhein at the Theater Krefeld und M\u00f6nchengladbach. He worked with and participated in masterclasses with Wolfram Rieger, Peter Berne, Hedwig Fassbender, Rene Massis, Steffan Schleiermacher, Kobie van Rensburg, Antonio Lemmo among others. His recent operatic roles include Don Giovanni in Mozart\u2019s Don Giovanni, Onegin in Tchaikovsky\u2019s Eugene Onegin, Ferryman in Britten\u2019s Curlew River and The Venetian in Rimski-Korsakov\u2019s Sadko. He is also an active concert and recital singer in Germany and Slovenia with a special affection for a German, Russian and Slovenian art song repertoire and chanson. Along with his operatic activity, Miha is also active as an actor in Slovenia and Germany. A highlight of his acting activity is the founding of the theatre ensemble \u201cKUD \u0160kofljica\u201d, with which he celebrated numerous successes on stages all over Slovenia. In 2017 he was awarded the \u201cBest Actor \/ Comedian 2017\u201d award for the role of Jean in the play \u201cPridi gola na ve\u010derjo \/ Pyjama pour six\u201d by Marc Camoletti at the Festival of Comedy Pekre 2017, Slovenia.","sameAs":["https:\/\/www.mihabrkinjac.com","https:\/\/www.facebook.com\/miha.brkinjac\/","https:\/\/www.instagram.com\/mihabrkinjac\/","https:\/\/www.youtube.com\/mihabrkinjac"]}]}},"_links":{"self":[{"href":"https:\/\/www.mihabrkinjac.com\/de\/wp-json\/wp\/v2\/pages\/677","targetHints":{"allow":["GET"]}}],"collection":[{"href":"https:\/\/www.mihabrkinjac.com\/de\/wp-json\/wp\/v2\/pages"}],"about":[{"href":"https:\/\/www.mihabrkinjac.com\/de\/wp-json\/wp\/v2\/types\/page"}],"author":[{"embeddable":true,"href":"https:\/\/www.mihabrkinjac.com\/de\/wp-json\/wp\/v2\/users\/1"}],"replies":[{"embeddable":true,"href":"https:\/\/www.mihabrkinjac.com\/de\/wp-json\/wp\/v2\/comments?post=677"}],"version-history":[{"count":16,"href":"https:\/\/www.mihabrkinjac.com\/de\/wp-json\/wp\/v2\/pages\/677\/revisions"}],"predecessor-version":[{"id":2754,"href":"https:\/\/www.mihabrkinjac.com\/de\/wp-json\/wp\/v2\/pages\/677\/revisions\/2754"}],"wp:attachment":[{"href":"https:\/\/www.mihabrkinjac.com\/de\/wp-json\/wp\/v2\/media?parent=677"}],"curies":[{"name":"wp","href":"https:\/\/api.w.org\/{rel}","templated":true}]}}