{"id":10000246,"date":"2023-12-10T18:59:36","date_gmt":"2023-12-10T17:59:36","guid":{"rendered":"https:\/\/www.mihabrkinjac.com\/event\/messager-passionnement-verrueckt-nach-liebe\/"},"modified":"2023-12-16T20:36:06","modified_gmt":"2023-12-16T19:36:06","slug":"messager-passionnement-verrueckt-nach-liebe","status":"publish","type":"tribe_events","link":"https:\/\/www.mihabrkinjac.com\/de\/event\/messager-passionnement-verrueckt-nach-liebe\/2023-03-12\/","title":{"rendered":"Messager: Passionn\u00e9ment &#8211; Verr\u00fcckt nach Liebe"},"content":{"rendered":"<p>Operette in drei Akten von Andr\u00e9 Messager<br \/>\nPARTIE: Robert Perceval<\/p>\n<p>DIRIGENT: Sebastian Engel<br \/>\nREGIE: Ulrich Proschka<br \/>\nB\u00dcHNE UND KOST\u00dcM: Christine Knoll<\/p>\n","protected":false},"excerpt":{"rendered":"<p>Operette in drei Akten von Andr\u00e9 Messager<br \/>\nPARTIE: Robert Perceval<\/p>\n","protected":false},"author":1,"featured_media":1624,"template":"","meta":{"_et_pb_use_builder":"","_et_pb_old_content":"","_et_gb_content_width":"","_tribe_events_status":"","_tribe_events_status_reason":"","_tribe_events_is_hybrid":"","_tribe_events_is_virtual":"","_tribe_events_virtual_video_source":"","_tribe_events_virtual_embed_video":"","_tribe_events_virtual_linked_button_text":"","_tribe_events_virtual_linked_button":"","_tribe_events_virtual_show_embed_at":"","_tribe_events_virtual_show_embed_to":[],"_tribe_events_virtual_show_on_event":"","_tribe_events_virtual_show_on_views":"","_tribe_events_virtual_url":"","footnotes":""},"tags":[32],"tribe_events_cat":[25],"class_list":["post-10000246","tribe_events","type-tribe_events","status-publish","has-post-thumbnail","hentry","tag-operette","tribe_events_cat-2022-23-de","cat_2022-23-de","tribe-recurring-event","tribe-recurring-event-parent"],"yoast_head":"<!-- This site is optimized with the Yoast SEO plugin v27.4 - https:\/\/yoast.com\/product\/yoast-seo-wordpress\/ -->\n<title>Messager: Passionn\u00e9ment - Verr\u00fcckt nach Liebe - Miha Brkinja\u010d<\/title>\n<meta name=\"robots\" content=\"index, follow, max-snippet:-1, max-image-preview:large, max-video-preview:-1\" \/>\n<link rel=\"canonical\" href=\"https:\/\/www.mihabrkinjac.com\/de\/event\/messager-passionnement-verrueckt-nach-liebe\/2023-03-12\/\" \/>\n<meta property=\"og:locale\" content=\"de_DE\" \/>\n<meta property=\"og:type\" content=\"article\" \/>\n<meta property=\"og:title\" content=\"Messager: Passionn\u00e9ment - Verr\u00fcckt nach Liebe - Miha Brkinja\u010d\" \/>\n<meta property=\"og:description\" content=\"Operette in drei Akten von Andr\u00e9 Messager PARTIE: Robert Perceval\" \/>\n<meta property=\"og:url\" content=\"https:\/\/www.mihabrkinjac.com\/de\/event\/messager-passionnement-verrueckt-nach-liebe\/2023-03-12\/\" \/>\n<meta property=\"og:site_name\" content=\"Miha Brkinja\u010d\" \/>\n<meta property=\"article:publisher\" content=\"https:\/\/www.facebook.com\/miha.brkinjac\/\" \/>\n<meta property=\"article:modified_time\" content=\"2023-12-16T19:36:06+00:00\" \/>\n<meta property=\"og:image\" content=\"https:\/\/www.mihabrkinjac.com\/wp-content\/uploads\/2023\/12\/752_Passio_WA-scaled-e1701988825965.jpg\" \/>\n\t<meta property=\"og:image:width\" content=\"2560\" \/>\n\t<meta property=\"og:image:height\" content=\"1757\" \/>\n\t<meta property=\"og:image:type\" content=\"image\/jpeg\" \/>\n<meta name=\"twitter:card\" content=\"summary_large_image\" \/>\n<script type=\"application\/ld+json\" class=\"yoast-schema-graph\">{\"@context\":\"https:\\\/\\\/schema.org\",\"@graph\":[{\"@type\":\"WebPage\",\"@id\":\"https:\\\/\\\/www.mihabrkinjac.com\\\/de\\\/event\\\/messager-passionnement-verrueckt-nach-liebe\\\/2023-03-12\\\/\",\"url\":\"https:\\\/\\\/www.mihabrkinjac.com\\\/de\\\/event\\\/messager-passionnement-verrueckt-nach-liebe\\\/2023-03-12\\\/\",\"name\":\"Messager: Passionn\u00e9ment - Verr\u00fcckt nach Liebe - Miha Brkinja\u010d\",\"isPartOf\":{\"@id\":\"https:\\\/\\\/www.mihabrkinjac.com\\\/de\\\/#website\"},\"primaryImageOfPage\":{\"@id\":\"https:\\\/\\\/www.mihabrkinjac.com\\\/de\\\/event\\\/messager-passionnement-verrueckt-nach-liebe\\\/2023-03-12\\\/#primaryimage\"},\"image\":{\"@id\":\"https:\\\/\\\/www.mihabrkinjac.com\\\/de\\\/event\\\/messager-passionnement-verrueckt-nach-liebe\\\/2023-03-12\\\/#primaryimage\"},\"thumbnailUrl\":\"https:\\\/\\\/www.mihabrkinjac.com\\\/wp-content\\\/uploads\\\/2023\\\/12\\\/752_Passio_WA-scaled-e1701988825965.jpg\",\"datePublished\":\"2023-12-10T17:59:36+00:00\",\"dateModified\":\"2023-12-16T19:36:06+00:00\",\"breadcrumb\":{\"@id\":\"https:\\\/\\\/www.mihabrkinjac.com\\\/de\\\/event\\\/messager-passionnement-verrueckt-nach-liebe\\\/2023-03-12\\\/#breadcrumb\"},\"inLanguage\":\"de\",\"potentialAction\":[{\"@type\":\"ReadAction\",\"target\":[\"https:\\\/\\\/www.mihabrkinjac.com\\\/de\\\/event\\\/messager-passionnement-verrueckt-nach-liebe\\\/2023-03-12\\\/\"]}]},{\"@type\":\"ImageObject\",\"inLanguage\":\"de\",\"@id\":\"https:\\\/\\\/www.mihabrkinjac.com\\\/de\\\/event\\\/messager-passionnement-verrueckt-nach-liebe\\\/2023-03-12\\\/#primaryimage\",\"url\":\"https:\\\/\\\/www.mihabrkinjac.com\\\/wp-content\\\/uploads\\\/2023\\\/12\\\/752_Passio_WA-scaled-e1701988825965.jpg\",\"contentUrl\":\"https:\\\/\\\/www.mihabrkinjac.com\\\/wp-content\\\/uploads\\\/2023\\\/12\\\/752_Passio_WA-scaled-e1701988825965.jpg\",\"width\":2560,\"height\":1757,\"caption\":\"PASSIONN\u00c9MENT \u2013 VERR\u00dcCKT NACH LIEBE \\\/\\\/\\\/\\\/\\\/\\\/\\\/\\\/\\\/\\\/\\\/\\\/\\\/\\\/\\\/\\\/\\\/\\\/\\\/\\\/\\\/\\\/\\\/\\\/\\\/\\\/\\\/\\\/\\\/\\\/\\\/\\\/\\\/\\\/\\\/\\\/\\\/\\\/\\\/\\\/\\\/\\\/\\\/\\\/\\\/\\\/\\\/\\\/\\\/\\\/\\\/\\\/\\\/\\\/\\\/\\\/\\\/\\\/\\\/ WiIlliam Stevenson, ein amerikanischer Milliard\u00e4r.............. Markus Heinrich Ketty Stevenson, seine Frau.................................................... Gabriela Kuhn Julia, ihr Dienstm\u00e4dchen...................... Kejti Karaj* (2) Robert Perceval, franz\u00f6sischer Erbe......................................... Miha Brkinjac* (3) H\u00e9l\u00e8ne Le Barrois, seine Geliebte..... Susanne Seefing* Adolphe Le Barrois, ihr Gatte\\\/ Ehemann................................ Hayk Deinyan Captain Harris, Kapit\u00e4n der Jacht \u201eArabella\u201c........................ Bjorn Geudens* (1) Niederrheinische Sinfoniker * Mitglied im Opernstudio Niederrhein Musikalische Leitung Sebastian Engel Inszenierung Ulrich Proschka B\u00fchnenbild und Kost\u00fcme Christine Knoll Dramaturgie Andreas Wendholz PREMIERE Theater M\u00f6nchengladbach am 30. September 2023 Auff\u00fchrungsdauer: 2 \u00bd Stunden. Eine Pause nach dem 2. Akt Auff\u00fchrungsrechte: Ed. Salabert, Paris\"},{\"@type\":\"BreadcrumbList\",\"@id\":\"https:\\\/\\\/www.mihabrkinjac.com\\\/de\\\/event\\\/messager-passionnement-verrueckt-nach-liebe\\\/2023-03-12\\\/#breadcrumb\",\"itemListElement\":[{\"@type\":\"ListItem\",\"position\":1,\"name\":\"Home\",\"item\":\"https:\\\/\\\/www.mihabrkinjac.com\\\/de\\\/\"},{\"@type\":\"ListItem\",\"position\":2,\"name\":\"Veranstaltungen\",\"item\":\"https:\\\/\\\/www.mihabrkinjac.com\\\/de\\\/events\\\/\"},{\"@type\":\"ListItem\",\"position\":3,\"name\":\"Messager: Passionn\u00e9ment &#8211; Verr\u00fcckt nach Liebe\"}]},{\"@type\":\"WebSite\",\"@id\":\"https:\\\/\\\/www.mihabrkinjac.com\\\/de\\\/#website\",\"url\":\"https:\\\/\\\/www.mihabrkinjac.com\\\/de\\\/\",\"name\":\"Miha Brkinja\u010d\",\"description\":\"#operasinger #baritone #actor\",\"publisher\":{\"@id\":\"https:\\\/\\\/www.mihabrkinjac.com\\\/de\\\/#\\\/schema\\\/person\\\/1959accd459140388007f0a3b646f638\"},\"potentialAction\":[{\"@type\":\"SearchAction\",\"target\":{\"@type\":\"EntryPoint\",\"urlTemplate\":\"https:\\\/\\\/www.mihabrkinjac.com\\\/de\\\/?s={search_term_string}\"},\"query-input\":{\"@type\":\"PropertyValueSpecification\",\"valueRequired\":true,\"valueName\":\"search_term_string\"}}],\"inLanguage\":\"de\"},{\"@type\":[\"Person\",\"Organization\"],\"@id\":\"https:\\\/\\\/www.mihabrkinjac.com\\\/de\\\/#\\\/schema\\\/person\\\/1959accd459140388007f0a3b646f638\",\"name\":\"Miha Brkinja\u010d\",\"image\":{\"@type\":\"ImageObject\",\"inLanguage\":\"de\",\"@id\":\"https:\\\/\\\/www.mihabrkinjac.com\\\/wp-content\\\/uploads\\\/2022\\\/02\\\/20200911-BoazArad-3W3A2774-Edit-Edit-scaled.jpg\",\"url\":\"https:\\\/\\\/www.mihabrkinjac.com\\\/wp-content\\\/uploads\\\/2022\\\/02\\\/20200911-BoazArad-3W3A2774-Edit-Edit-scaled.jpg\",\"contentUrl\":\"https:\\\/\\\/www.mihabrkinjac.com\\\/wp-content\\\/uploads\\\/2022\\\/02\\\/20200911-BoazArad-3W3A2774-Edit-Edit-scaled.jpg\",\"width\":2560,\"height\":1707,\"caption\":\"Miha Brkinja\u010d\"},\"logo\":{\"@id\":\"https:\\\/\\\/www.mihabrkinjac.com\\\/wp-content\\\/uploads\\\/2022\\\/02\\\/20200911-BoazArad-3W3A2774-Edit-Edit-scaled.jpg\"},\"description\":\"Baritone Miha Brkinja\u010d was born in Ljubljana, Slovenia. After taking first vocal lessons in his hometown of Ljubljana under Prof. Alenka Slokar Bajc, he continued his studies at the Academy of Music Hanns Eisler Berlin under Prof.Dr. Michail Lanskoi. Since the beginning of the season 2022\\\/2023 Miha is a member of the opera studio Niederrhein at the Theater Krefeld und M\u00f6nchengladbach. He worked with and participated in masterclasses with Wolfram Rieger, Peter Berne, Hedwig Fassbender, Rene Massis, Steffan Schleiermacher, Kobie van Rensburg, Antonio Lemmo among others. His recent operatic roles include Don Giovanni in Mozart\u2019s Don Giovanni, Onegin in Tchaikovsky\u2019s Eugene Onegin, Ferryman in Britten\u2019s Curlew River and The Venetian in Rimski-Korsakov\u2019s Sadko. He is also an active concert and recital singer in Germany and Slovenia with a special affection for a German, Russian and Slovenian art song repertoire and chanson. Along with his operatic activity, Miha is also active as an actor in Slovenia and Germany. A highlight of his acting activity is the founding of the theatre ensemble \u201cKUD \u0160kofljica\u201d, with which he celebrated numerous successes on stages all over Slovenia. In 2017 he was awarded the \u201cBest Actor \\\/ Comedian 2017\u201d award for the role of Jean in the play \u201cPridi gola na ve\u010derjo \\\/ Pyjama pour six\u201d by Marc Camoletti at the Festival of Comedy Pekre 2017, Slovenia.\",\"sameAs\":[\"https:\\\/\\\/www.mihabrkinjac.com\",\"https:\\\/\\\/www.facebook.com\\\/miha.brkinjac\\\/\",\"https:\\\/\\\/www.instagram.com\\\/mihabrkinjac\\\/\",\"https:\\\/\\\/www.youtube.com\\\/mihabrkinjac\"]}]}<\/script>\n<!-- \/ Yoast SEO plugin. -->","yoast_head_json":{"title":"Messager: Passionn\u00e9ment - Verr\u00fcckt nach Liebe - Miha Brkinja\u010d","robots":{"index":"index","follow":"follow","max-snippet":"max-snippet:-1","max-image-preview":"max-image-preview:large","max-video-preview":"max-video-preview:-1"},"canonical":"https:\/\/www.mihabrkinjac.com\/de\/event\/messager-passionnement-verrueckt-nach-liebe\/2023-03-12\/","og_locale":"de_DE","og_type":"article","og_title":"Messager: Passionn\u00e9ment - Verr\u00fcckt nach Liebe - Miha Brkinja\u010d","og_description":"Operette in drei Akten von Andr\u00e9 Messager PARTIE: Robert Perceval","og_url":"https:\/\/www.mihabrkinjac.com\/de\/event\/messager-passionnement-verrueckt-nach-liebe\/2023-03-12\/","og_site_name":"Miha Brkinja\u010d","article_publisher":"https:\/\/www.facebook.com\/miha.brkinjac\/","article_modified_time":"2023-12-16T19:36:06+00:00","og_image":[{"width":2560,"height":1757,"url":"https:\/\/www.mihabrkinjac.com\/wp-content\/uploads\/2023\/12\/752_Passio_WA-scaled-e1701988825965.jpg","type":"image\/jpeg"}],"twitter_card":"summary_large_image","schema":{"@context":"https:\/\/schema.org","@graph":[{"@type":"WebPage","@id":"https:\/\/www.mihabrkinjac.com\/de\/event\/messager-passionnement-verrueckt-nach-liebe\/2023-03-12\/","url":"https:\/\/www.mihabrkinjac.com\/de\/event\/messager-passionnement-verrueckt-nach-liebe\/2023-03-12\/","name":"Messager: Passionn\u00e9ment - Verr\u00fcckt nach Liebe - Miha Brkinja\u010d","isPartOf":{"@id":"https:\/\/www.mihabrkinjac.com\/de\/#website"},"primaryImageOfPage":{"@id":"https:\/\/www.mihabrkinjac.com\/de\/event\/messager-passionnement-verrueckt-nach-liebe\/2023-03-12\/#primaryimage"},"image":{"@id":"https:\/\/www.mihabrkinjac.com\/de\/event\/messager-passionnement-verrueckt-nach-liebe\/2023-03-12\/#primaryimage"},"thumbnailUrl":"https:\/\/www.mihabrkinjac.com\/wp-content\/uploads\/2023\/12\/752_Passio_WA-scaled-e1701988825965.jpg","datePublished":"2023-12-10T17:59:36+00:00","dateModified":"2023-12-16T19:36:06+00:00","breadcrumb":{"@id":"https:\/\/www.mihabrkinjac.com\/de\/event\/messager-passionnement-verrueckt-nach-liebe\/2023-03-12\/#breadcrumb"},"inLanguage":"de","potentialAction":[{"@type":"ReadAction","target":["https:\/\/www.mihabrkinjac.com\/de\/event\/messager-passionnement-verrueckt-nach-liebe\/2023-03-12\/"]}]},{"@type":"ImageObject","inLanguage":"de","@id":"https:\/\/www.mihabrkinjac.com\/de\/event\/messager-passionnement-verrueckt-nach-liebe\/2023-03-12\/#primaryimage","url":"https:\/\/www.mihabrkinjac.com\/wp-content\/uploads\/2023\/12\/752_Passio_WA-scaled-e1701988825965.jpg","contentUrl":"https:\/\/www.mihabrkinjac.com\/wp-content\/uploads\/2023\/12\/752_Passio_WA-scaled-e1701988825965.jpg","width":2560,"height":1757,"caption":"PASSIONN\u00c9MENT \u2013 VERR\u00dcCKT NACH LIEBE \/\/\/\/\/\/\/\/\/\/\/\/\/\/\/\/\/\/\/\/\/\/\/\/\/\/\/\/\/\/\/\/\/\/\/\/\/\/\/\/\/\/\/\/\/\/\/\/\/\/\/\/\/\/\/\/\/\/\/ WiIlliam Stevenson, ein amerikanischer Milliard\u00e4r.............. Markus Heinrich Ketty Stevenson, seine Frau.................................................... Gabriela Kuhn Julia, ihr Dienstm\u00e4dchen...................... Kejti Karaj* (2) Robert Perceval, franz\u00f6sischer Erbe......................................... Miha Brkinjac* (3) H\u00e9l\u00e8ne Le Barrois, seine Geliebte..... Susanne Seefing* Adolphe Le Barrois, ihr Gatte\/ Ehemann................................ Hayk Deinyan Captain Harris, Kapit\u00e4n der Jacht \u201eArabella\u201c........................ Bjorn Geudens* (1) Niederrheinische Sinfoniker * Mitglied im Opernstudio Niederrhein Musikalische Leitung Sebastian Engel Inszenierung Ulrich Proschka B\u00fchnenbild und Kost\u00fcme Christine Knoll Dramaturgie Andreas Wendholz PREMIERE Theater M\u00f6nchengladbach am 30. September 2023 Auff\u00fchrungsdauer: 2 \u00bd Stunden. Eine Pause nach dem 2. Akt Auff\u00fchrungsrechte: Ed. Salabert, Paris"},{"@type":"BreadcrumbList","@id":"https:\/\/www.mihabrkinjac.com\/de\/event\/messager-passionnement-verrueckt-nach-liebe\/2023-03-12\/#breadcrumb","itemListElement":[{"@type":"ListItem","position":1,"name":"Home","item":"https:\/\/www.mihabrkinjac.com\/de\/"},{"@type":"ListItem","position":2,"name":"Veranstaltungen","item":"https:\/\/www.mihabrkinjac.com\/de\/events\/"},{"@type":"ListItem","position":3,"name":"Messager: Passionn\u00e9ment &#8211; Verr\u00fcckt nach Liebe"}]},{"@type":"WebSite","@id":"https:\/\/www.mihabrkinjac.com\/de\/#website","url":"https:\/\/www.mihabrkinjac.com\/de\/","name":"Miha Brkinja\u010d","description":"#operasinger #baritone #actor","publisher":{"@id":"https:\/\/www.mihabrkinjac.com\/de\/#\/schema\/person\/1959accd459140388007f0a3b646f638"},"potentialAction":[{"@type":"SearchAction","target":{"@type":"EntryPoint","urlTemplate":"https:\/\/www.mihabrkinjac.com\/de\/?s={search_term_string}"},"query-input":{"@type":"PropertyValueSpecification","valueRequired":true,"valueName":"search_term_string"}}],"inLanguage":"de"},{"@type":["Person","Organization"],"@id":"https:\/\/www.mihabrkinjac.com\/de\/#\/schema\/person\/1959accd459140388007f0a3b646f638","name":"Miha Brkinja\u010d","image":{"@type":"ImageObject","inLanguage":"de","@id":"https:\/\/www.mihabrkinjac.com\/wp-content\/uploads\/2022\/02\/20200911-BoazArad-3W3A2774-Edit-Edit-scaled.jpg","url":"https:\/\/www.mihabrkinjac.com\/wp-content\/uploads\/2022\/02\/20200911-BoazArad-3W3A2774-Edit-Edit-scaled.jpg","contentUrl":"https:\/\/www.mihabrkinjac.com\/wp-content\/uploads\/2022\/02\/20200911-BoazArad-3W3A2774-Edit-Edit-scaled.jpg","width":2560,"height":1707,"caption":"Miha Brkinja\u010d"},"logo":{"@id":"https:\/\/www.mihabrkinjac.com\/wp-content\/uploads\/2022\/02\/20200911-BoazArad-3W3A2774-Edit-Edit-scaled.jpg"},"description":"Baritone Miha Brkinja\u010d was born in Ljubljana, Slovenia. After taking first vocal lessons in his hometown of Ljubljana under Prof. Alenka Slokar Bajc, he continued his studies at the Academy of Music Hanns Eisler Berlin under Prof.Dr. Michail Lanskoi. Since the beginning of the season 2022\/2023 Miha is a member of the opera studio Niederrhein at the Theater Krefeld und M\u00f6nchengladbach. He worked with and participated in masterclasses with Wolfram Rieger, Peter Berne, Hedwig Fassbender, Rene Massis, Steffan Schleiermacher, Kobie van Rensburg, Antonio Lemmo among others. His recent operatic roles include Don Giovanni in Mozart\u2019s Don Giovanni, Onegin in Tchaikovsky\u2019s Eugene Onegin, Ferryman in Britten\u2019s Curlew River and The Venetian in Rimski-Korsakov\u2019s Sadko. He is also an active concert and recital singer in Germany and Slovenia with a special affection for a German, Russian and Slovenian art song repertoire and chanson. Along with his operatic activity, Miha is also active as an actor in Slovenia and Germany. A highlight of his acting activity is the founding of the theatre ensemble \u201cKUD \u0160kofljica\u201d, with which he celebrated numerous successes on stages all over Slovenia. In 2017 he was awarded the \u201cBest Actor \/ Comedian 2017\u201d award for the role of Jean in the play \u201cPridi gola na ve\u010derjo \/ Pyjama pour six\u201d by Marc Camoletti at the Festival of Comedy Pekre 2017, Slovenia.","sameAs":["https:\/\/www.mihabrkinjac.com","https:\/\/www.facebook.com\/miha.brkinjac\/","https:\/\/www.instagram.com\/mihabrkinjac\/","https:\/\/www.youtube.com\/mihabrkinjac"]}]}},"_links":{"self":[{"href":"https:\/\/www.mihabrkinjac.com\/de\/wp-json\/wp\/v2\/tribe_events\/10000246","targetHints":{"allow":["GET"]}}],"collection":[{"href":"https:\/\/www.mihabrkinjac.com\/de\/wp-json\/wp\/v2\/tribe_events"}],"about":[{"href":"https:\/\/www.mihabrkinjac.com\/de\/wp-json\/wp\/v2\/types\/tribe_events"}],"author":[{"embeddable":true,"href":"https:\/\/www.mihabrkinjac.com\/de\/wp-json\/wp\/v2\/users\/1"}],"version-history":[{"count":0,"href":"https:\/\/www.mihabrkinjac.com\/de\/wp-json\/wp\/v2\/tribe_events\/10000246\/revisions"}],"wp:featuredmedia":[{"embeddable":true,"href":"https:\/\/www.mihabrkinjac.com\/de\/wp-json\/wp\/v2\/media\/1624"}],"wp:attachment":[{"href":"https:\/\/www.mihabrkinjac.com\/de\/wp-json\/wp\/v2\/media?parent=10000246"}],"wp:term":[{"taxonomy":"post_tag","embeddable":true,"href":"https:\/\/www.mihabrkinjac.com\/de\/wp-json\/wp\/v2\/tags?post=10000246"},{"taxonomy":"tribe_events_cat","embeddable":true,"href":"https:\/\/www.mihabrkinjac.com\/de\/wp-json\/wp\/v2\/tribe_events_cat?post=10000246"}],"curies":[{"name":"wp","href":"https:\/\/api.w.org\/{rel}","templated":true}]}}