{"id":611,"date":"2022-02-13T21:06:22","date_gmt":"2022-02-13T20:06:22","guid":{"rendered":"https:\/\/www.mihabrkinjac.com\/o\/"},"modified":"2026-03-08T21:12:24","modified_gmt":"2026-03-08T20:12:24","slug":"miha","status":"publish","type":"page","link":"https:\/\/www.mihabrkinjac.com\/sl\/miha\/","title":{"rendered":"Miha"},"content":{"rendered":"<p>[et_pb_section fb_built=&#8221;1&#8243; fullwidth=&#8221;on&#8221; _builder_version=&#8221;4.16&#8243; _module_preset=&#8221;default&#8221; top_divider_color=&#8221;#FAD44F&#8221; bottom_divider_style=&#8221;slant2&#8243; bottom_divider_color=&#8221;#fad44f&#8221; bottom_divider_height=&#8221;160px&#8221; bottom_divider_repeat=&#8221;1x&#8221; global_colors_info=&#8221;{}&#8221;][et_pb_fullwidth_header title=&#8221;Miha&#8221; header_fullscreen=&#8221;on&#8221; disabled_on=&#8221;on|on|off&#8221; admin_label=&#8221;Fullwidth Header&#8221; module_class=&#8221;custom-header&#8221; _builder_version=&#8221;4.16&#8243; _module_preset=&#8221;default&#8221; title_font=&#8221;|700||on|||||&#8221; title_text_color=&#8221;#000000&#8243; title_font_size=&#8221;50px&#8221; content_text_align=&#8221;right&#8221; background_image=&#8221;https:\/\/www.mihabrkinjac.com\/wp-content\/uploads\/2022\/02\/20200911-BoazArad-3W3A2774-Edit-Edit-scaled.jpg&#8221; background_layout=&#8221;light&#8221; min_height=&#8221;569px&#8221; custom_css_title=&#8221;vertical-align: bottom;&#8221; global_colors_info=&#8221;{}&#8221; custom_css_title__hover_enabled=&#8221;off|desktop&#8221;]<\/p>\n<h3><em>&#8220;Kot vokalni solist Miha Brkinja\u010d<br \/>ni bil v ni\u010demer slab\u0161i od glavnega<br \/>dirigenta in njegovega orkestra v<br \/>smislu virtuoznosti, le\u017eernosti<br \/>in veselja do \u017eivljenja.&#8221;<\/em><\/h3>\n<h4>&#8211; Heiko Schulze, Uckermark Kurier<\/h4>\n<p>[\/et_pb_fullwidth_header][et_pb_fullwidth_header title=&#8221;Miha&#8221; header_fullscreen=&#8221;on&#8221; disabled_on=&#8221;off|off|on&#8221; admin_label=&#8221;Fullwidth Header &#8211; tablet &#038; mobile&#8221; module_class=&#8221;custom-header&#8221; _builder_version=&#8221;4.16&#8243; _module_preset=&#8221;default&#8221; title_font=&#8221;|700||on|||||&#8221; title_text_color=&#8221;#000000&#8243; title_font_size=&#8221;50px&#8221; content_text_align=&#8221;right&#8221; background_image=&#8221;https:\/\/www.mihabrkinjac.com\/wp-content\/uploads\/2022\/02\/20200911-BoazArad-3W3A2774-Edit-Edit-scaled.jpg&#8221; background_layout=&#8221;light&#8221; min_height=&#8221;569px&#8221; title_font_size_tablet=&#8221;30px&#8221; title_font_size_phone=&#8221;30px&#8221; title_font_size_last_edited=&#8221;on|phone&#8221; custom_css_title=&#8221;vertical-align: bottom;&#8221; global_colors_info=&#8221;{}&#8221; custom_css_title__hover_enabled=&#8221;off|desktop&#8221;][\/et_pb_fullwidth_header][\/et_pb_section][et_pb_section fb_built=&#8221;1&#8243; _builder_version=&#8221;4.16&#8243; _module_preset=&#8221;default&#8221; background_color=&#8221;#FAD44F&#8221; global_colors_info=&#8221;{}&#8221;][et_pb_row _builder_version=&#8221;4.16&#8243; _module_preset=&#8221;default&#8221; global_colors_info=&#8221;{}&#8221;][et_pb_column type=&#8221;4_4&#8243; _builder_version=&#8221;4.16&#8243; _module_preset=&#8221;default&#8221; global_colors_info=&#8221;{}&#8221;][et_pb_text disabled_on=&#8221;off|off|on&#8221; admin_label=&#8221;Quote &#8211; tablet &#038; mobile&#8221; _builder_version=&#8221;4.16&#8243; _module_preset=&#8221;default&#8221; text_font_size=&#8221;20px&#8221; text_line_height=&#8221;1.8em&#8221; header_3_line_height=&#8221;1.4em&#8221; background_color=&#8221;#FFFFFF&#8221; custom_padding=&#8221;25px|25px|25px|25px|true|true&#8221; global_colors_info=&#8221;{}&#8221;]<\/p>\n<h3><em>&#8220;Miha Brkinja\u010d kot vokalni solist po virtuoznosti, spro\u0161\u010denosti in joie de vivre ni v ni\u010demer zaostajal za \u0161ef-dirigentom in njegovim orkestrom.&#8221;<\/em><\/h3>\n<h4>&#8211; Heiko Schulze, Uckermark Kurier<\/h4>\n<p>[\/et_pb_text][et_pb_text _builder_version=&#8221;4.27.5&#8243; _module_preset=&#8221;default&#8221; text_text_color=&#8221;#000000&#8243; text_font_size=&#8221;20px&#8221; text_line_height=&#8221;1.8em&#8221; hover_enabled=&#8221;0&#8243; global_colors_info=&#8221;{}&#8221; sticky_enabled=&#8221;0&#8243;]<\/p>\n<p>Slovenski baritonist Miha Brkinja\u010d trenutno deluje kot svobodni operni pevec. V sezoni 2024\/25 je gostoval v Landestheater Salzburg, Theater Krefeld und M\u00f6nchengladbach in Anhaltisches Theater Dessau. Med njegovimi zadnjimi vlogami so Don Prudenzio (<em>Il viaggio a Reims<\/em>), Valentin (<em>Faust<\/em>), Jevgenij Onjegin (Jevgenij Onjegin) in Jeletski (<em>Pikova dama<\/em>). V sezoni 2025\/26 bo med drugim nastopil v Theater Hof kot Jevgenij Onjegin, v Musikalische Kom\u00f6die Leipzig kot solist na novoletnih koncertih, v Aalto-Theater Essen v Bernsteinovem Candide (kot Junkman, King Augustus in Croupier) in v Staatstheater N\u00fcrnberg kot Nardo v La finta giardiniera.<\/p>\n<p>Med letoma 2022 in 2024 je bil Miha \u010dlan Opernega studia Niederrhein v Theater Krefeld und M\u00f6nchengladbach. Tam je razvil raznolik repertoar, ki vklju\u010duje vloge kot so Marullo (<em>Rigoletto<\/em>), Il commissario imperiale (<em>Madama Butterfly<\/em>), Robert Perceval (<em>Passionn\u00e9ment<\/em>) in \u0161tevilne druge vloge v muzikalih in operetah. Poseben uspeh je do\u017eivel z vodilnimi vlogami svojega facha<em>,<\/em> zlasti z vlogo Valentina in Onjegina.<\/p>\n<p>Njegovo delo je zaznamovalo sodelovanje z re\u017eiserji kot so Jan Essinger, Dennis Krau\u00df, Anthony Pilavachi, Helen Malkowsky, Malte Kreutzfeldt in Beverly Blankenship.<\/p>\n<p>Poleg opernega dela je Miha dejaven tudi kot igralec v Sloveniji in Nem\u010diji. Za vlogo \u017dana v igri Marca Camolettija <em>Pridi gola na ve\u010derjo \/ Pyjama pour six je leta 2017 na festivalu komedije v Pekrah prejel nagrado za najbolj\u0161ega igralca\/komedijanta .<\/em> Poleg tega \u017ee ve\u010d let redno nastopa v mednarodni skupini Povezani, ki v interdisciplinarnih projektih zdru\u017euje igro, klasi\u010dno glasbo in akrobatiko.<\/p>\n<p>Miha se je najprej izobra\u017eeval pri profesorici Alenki Slokar Bajc v Ljubljani, nato pa na Hochschule f\u00fcr Musik Hanns Eisler v Berlinu pri profesorju Dr. Michailu Lanskoiju. Pomembne umetni\u0161ke impulze je med drugim prejel tudi na mojstrskih te\u010dajih pri Petru Bernetu, Hedwig Fassbender, Ren\u00e9ju Massisu, Enricu Marii Cacciariju, Faustu Nardiju, Dari Hobbs in Kobieju van Rensburgu.<\/p>\n<p>Za svoje delovanje je bil odlikovan s \u0161tipendijami K\u00f6lner Gymnasial- und Stiftungsfond, Ottilie-Selbach-Redlobs-Stiftung, Lucia-L\u00f6ser-Stiftung in Ministrstva za kulturo Republike Slovenije.<\/p>\n<p>[\/et_pb_text][et_pb_text disabled_on=&#8221;off|off|off&#8221; admin_label=&#8221;Quote &#8211; Pekre&#8221; _builder_version=&#8221;4.16&#8243; _module_preset=&#8221;default&#8221; text_font_size=&#8221;20px&#8221; text_line_height=&#8221;1.8em&#8221; header_3_line_height=&#8221;1.4em&#8221; background_color=&#8221;#FFFFFF&#8221; custom_padding=&#8221;25px|25px|25px|25px|true|true&#8221; global_colors_info=&#8221;{}&#8221;]<\/p>\n<h3><em>&#8220;<\/em><em>Miha Brkinja\u010d je bil v vlogi ljubosumnega kuhari\u010dinega mo\u017ea na odru prisoten le kratek \u010das, a je v igri pustil izredno mo\u010dan pe\u010dat. Popolnoma je osvojil prostor in dogajanje na odru. Tako pristno, \u017eivo, so\u010dno in spro\u0161\u010deno je govoril, da mu moramo priznati, da je pravi mojster izra\u017eanja in tako okretno in \u017eivahno se je gibal, da je bil izjemno prepri\u010dljiv in dodelan v svoji igralski interpretaciji. Igrati ni prenehal niti, ko je padel zastor, pa je \u0161e tam dodal svojo pikico na i.<\/em><em>&#8220;<\/em><\/h3>\n<h4>&#8211; Festival komedije Pekre, Slovenija<\/h4>\n<p>[\/et_pb_text][\/et_pb_column][\/et_pb_row][\/et_pb_section]<\/p>\n","protected":false},"excerpt":{"rendered":"<p>&#8220;Kot vokalni solist Miha Brkinja\u010dni bil v ni\u010demer slab\u0161i od glavnegadirigenta in njegovega orkestra vsmislu virtuoznosti, le\u017eernostiin veselja do \u017eivljenja.&#8221; &#8211; Heiko Schulze, Uckermark Kurier&#8221;Miha Brkinja\u010d kot vokalni solist po [&hellip;]<\/p>\n","protected":false},"author":1,"featured_media":0,"parent":0,"menu_order":0,"comment_status":"closed","ping_status":"closed","template":"","meta":{"_et_pb_use_builder":"on","_et_pb_old_content":"","_et_gb_content_width":"","footnotes":""},"class_list":["post-611","page","type-page","status-publish","hentry"],"yoast_head":"<!-- This site is optimized with the Yoast SEO plugin v27.4 - https:\/\/yoast.com\/product\/yoast-seo-wordpress\/ -->\n<title>Miha - Miha Brkinja\u010d<\/title>\n<meta name=\"robots\" content=\"index, follow, max-snippet:-1, max-image-preview:large, max-video-preview:-1\" \/>\n<link rel=\"canonical\" href=\"https:\/\/www.mihabrkinjac.com\/sl\/miha\/\" \/>\n<meta property=\"og:locale\" content=\"sl_SI\" \/>\n<meta property=\"og:type\" content=\"article\" \/>\n<meta property=\"og:title\" content=\"Miha - Miha Brkinja\u010d\" \/>\n<meta property=\"og:description\" content=\"&quot;Kot vokalni solist Miha Brkinja\u010dni bil v ni\u010demer slab\u0161i od glavnegadirigenta in njegovega orkestra vsmislu virtuoznosti, le\u017eernostiin veselja do \u017eivljenja.&quot; - Heiko Schulze, Uckermark Kurier&quot;Miha Brkinja\u010d kot vokalni solist po [&hellip;]\" \/>\n<meta property=\"og:url\" content=\"https:\/\/www.mihabrkinjac.com\/sl\/miha\/\" \/>\n<meta property=\"og:site_name\" content=\"Miha Brkinja\u010d\" \/>\n<meta property=\"article:publisher\" content=\"https:\/\/www.facebook.com\/miha.brkinjac\/\" \/>\n<meta property=\"article:modified_time\" content=\"2026-03-08T20:12:24+00:00\" \/>\n<meta name=\"twitter:card\" content=\"summary_large_image\" \/>\n<meta name=\"twitter:label1\" content=\"Est. reading time\" \/>\n\t<meta name=\"twitter:data1\" content=\"4 minute\" \/>\n<script type=\"application\/ld+json\" class=\"yoast-schema-graph\">{\"@context\":\"https:\\\/\\\/schema.org\",\"@graph\":[{\"@type\":\"WebPage\",\"@id\":\"https:\\\/\\\/www.mihabrkinjac.com\\\/sl\\\/miha\\\/\",\"url\":\"https:\\\/\\\/www.mihabrkinjac.com\\\/sl\\\/miha\\\/\",\"name\":\"Miha - Miha Brkinja\u010d\",\"isPartOf\":{\"@id\":\"https:\\\/\\\/www.mihabrkinjac.com\\\/sl\\\/#website\"},\"datePublished\":\"2022-02-13T20:06:22+00:00\",\"dateModified\":\"2026-03-08T20:12:24+00:00\",\"breadcrumb\":{\"@id\":\"https:\\\/\\\/www.mihabrkinjac.com\\\/sl\\\/miha\\\/#breadcrumb\"},\"inLanguage\":\"sl-SI\",\"potentialAction\":[{\"@type\":\"ReadAction\",\"target\":[\"https:\\\/\\\/www.mihabrkinjac.com\\\/sl\\\/miha\\\/\"]}]},{\"@type\":\"BreadcrumbList\",\"@id\":\"https:\\\/\\\/www.mihabrkinjac.com\\\/sl\\\/miha\\\/#breadcrumb\",\"itemListElement\":[{\"@type\":\"ListItem\",\"position\":1,\"name\":\"Home\",\"item\":\"https:\\\/\\\/www.mihabrkinjac.com\\\/sl\\\/\"},{\"@type\":\"ListItem\",\"position\":2,\"name\":\"Miha\"}]},{\"@type\":\"WebSite\",\"@id\":\"https:\\\/\\\/www.mihabrkinjac.com\\\/sl\\\/#website\",\"url\":\"https:\\\/\\\/www.mihabrkinjac.com\\\/sl\\\/\",\"name\":\"Miha Brkinja\u010d\",\"description\":\"#operasinger #baritone #actor\",\"publisher\":{\"@id\":\"https:\\\/\\\/www.mihabrkinjac.com\\\/sl\\\/#\\\/schema\\\/person\\\/1959accd459140388007f0a3b646f638\"},\"potentialAction\":[{\"@type\":\"SearchAction\",\"target\":{\"@type\":\"EntryPoint\",\"urlTemplate\":\"https:\\\/\\\/www.mihabrkinjac.com\\\/sl\\\/?s={search_term_string}\"},\"query-input\":{\"@type\":\"PropertyValueSpecification\",\"valueRequired\":true,\"valueName\":\"search_term_string\"}}],\"inLanguage\":\"sl-SI\"},{\"@type\":[\"Person\",\"Organization\"],\"@id\":\"https:\\\/\\\/www.mihabrkinjac.com\\\/sl\\\/#\\\/schema\\\/person\\\/1959accd459140388007f0a3b646f638\",\"name\":\"Miha Brkinja\u010d\",\"image\":{\"@type\":\"ImageObject\",\"inLanguage\":\"sl-SI\",\"@id\":\"https:\\\/\\\/www.mihabrkinjac.com\\\/wp-content\\\/uploads\\\/2022\\\/02\\\/20200911-BoazArad-3W3A2774-Edit-Edit-scaled.jpg\",\"url\":\"https:\\\/\\\/www.mihabrkinjac.com\\\/wp-content\\\/uploads\\\/2022\\\/02\\\/20200911-BoazArad-3W3A2774-Edit-Edit-scaled.jpg\",\"contentUrl\":\"https:\\\/\\\/www.mihabrkinjac.com\\\/wp-content\\\/uploads\\\/2022\\\/02\\\/20200911-BoazArad-3W3A2774-Edit-Edit-scaled.jpg\",\"width\":2560,\"height\":1707,\"caption\":\"Miha Brkinja\u010d\"},\"logo\":{\"@id\":\"https:\\\/\\\/www.mihabrkinjac.com\\\/wp-content\\\/uploads\\\/2022\\\/02\\\/20200911-BoazArad-3W3A2774-Edit-Edit-scaled.jpg\"},\"description\":\"Baritone Miha Brkinja\u010d was born in Ljubljana, Slovenia. After taking first vocal lessons in his hometown of Ljubljana under Prof. Alenka Slokar Bajc, he continued his studies at the Academy of Music Hanns Eisler Berlin under Prof.Dr. Michail Lanskoi. Since the beginning of the season 2022\\\/2023 Miha is a member of the opera studio Niederrhein at the Theater Krefeld und M\u00f6nchengladbach. He worked with and participated in masterclasses with Wolfram Rieger, Peter Berne, Hedwig Fassbender, Rene Massis, Steffan Schleiermacher, Kobie van Rensburg, Antonio Lemmo among others. His recent operatic roles include Don Giovanni in Mozart\u2019s Don Giovanni, Onegin in Tchaikovsky\u2019s Eugene Onegin, Ferryman in Britten\u2019s Curlew River and The Venetian in Rimski-Korsakov\u2019s Sadko. He is also an active concert and recital singer in Germany and Slovenia with a special affection for a German, Russian and Slovenian art song repertoire and chanson. Along with his operatic activity, Miha is also active as an actor in Slovenia and Germany. A highlight of his acting activity is the founding of the theatre ensemble \u201cKUD \u0160kofljica\u201d, with which he celebrated numerous successes on stages all over Slovenia. In 2017 he was awarded the \u201cBest Actor \\\/ Comedian 2017\u201d award for the role of Jean in the play \u201cPridi gola na ve\u010derjo \\\/ Pyjama pour six\u201d by Marc Camoletti at the Festival of Comedy Pekre 2017, Slovenia.\",\"sameAs\":[\"https:\\\/\\\/www.mihabrkinjac.com\",\"https:\\\/\\\/www.facebook.com\\\/miha.brkinjac\\\/\",\"https:\\\/\\\/www.instagram.com\\\/mihabrkinjac\\\/\",\"https:\\\/\\\/www.youtube.com\\\/mihabrkinjac\"]}]}<\/script>\n<!-- \/ Yoast SEO plugin. -->","yoast_head_json":{"title":"Miha - Miha Brkinja\u010d","robots":{"index":"index","follow":"follow","max-snippet":"max-snippet:-1","max-image-preview":"max-image-preview:large","max-video-preview":"max-video-preview:-1"},"canonical":"https:\/\/www.mihabrkinjac.com\/sl\/miha\/","og_locale":"sl_SI","og_type":"article","og_title":"Miha - Miha Brkinja\u010d","og_description":"\"Kot vokalni solist Miha Brkinja\u010dni bil v ni\u010demer slab\u0161i od glavnegadirigenta in njegovega orkestra vsmislu virtuoznosti, le\u017eernostiin veselja do \u017eivljenja.\" - Heiko Schulze, Uckermark Kurier\"Miha Brkinja\u010d kot vokalni solist po [&hellip;]","og_url":"https:\/\/www.mihabrkinjac.com\/sl\/miha\/","og_site_name":"Miha Brkinja\u010d","article_publisher":"https:\/\/www.facebook.com\/miha.brkinjac\/","article_modified_time":"2026-03-08T20:12:24+00:00","twitter_card":"summary_large_image","twitter_misc":{"Est. reading time":"4 minute"},"schema":{"@context":"https:\/\/schema.org","@graph":[{"@type":"WebPage","@id":"https:\/\/www.mihabrkinjac.com\/sl\/miha\/","url":"https:\/\/www.mihabrkinjac.com\/sl\/miha\/","name":"Miha - Miha Brkinja\u010d","isPartOf":{"@id":"https:\/\/www.mihabrkinjac.com\/sl\/#website"},"datePublished":"2022-02-13T20:06:22+00:00","dateModified":"2026-03-08T20:12:24+00:00","breadcrumb":{"@id":"https:\/\/www.mihabrkinjac.com\/sl\/miha\/#breadcrumb"},"inLanguage":"sl-SI","potentialAction":[{"@type":"ReadAction","target":["https:\/\/www.mihabrkinjac.com\/sl\/miha\/"]}]},{"@type":"BreadcrumbList","@id":"https:\/\/www.mihabrkinjac.com\/sl\/miha\/#breadcrumb","itemListElement":[{"@type":"ListItem","position":1,"name":"Home","item":"https:\/\/www.mihabrkinjac.com\/sl\/"},{"@type":"ListItem","position":2,"name":"Miha"}]},{"@type":"WebSite","@id":"https:\/\/www.mihabrkinjac.com\/sl\/#website","url":"https:\/\/www.mihabrkinjac.com\/sl\/","name":"Miha Brkinja\u010d","description":"#operasinger #baritone #actor","publisher":{"@id":"https:\/\/www.mihabrkinjac.com\/sl\/#\/schema\/person\/1959accd459140388007f0a3b646f638"},"potentialAction":[{"@type":"SearchAction","target":{"@type":"EntryPoint","urlTemplate":"https:\/\/www.mihabrkinjac.com\/sl\/?s={search_term_string}"},"query-input":{"@type":"PropertyValueSpecification","valueRequired":true,"valueName":"search_term_string"}}],"inLanguage":"sl-SI"},{"@type":["Person","Organization"],"@id":"https:\/\/www.mihabrkinjac.com\/sl\/#\/schema\/person\/1959accd459140388007f0a3b646f638","name":"Miha Brkinja\u010d","image":{"@type":"ImageObject","inLanguage":"sl-SI","@id":"https:\/\/www.mihabrkinjac.com\/wp-content\/uploads\/2022\/02\/20200911-BoazArad-3W3A2774-Edit-Edit-scaled.jpg","url":"https:\/\/www.mihabrkinjac.com\/wp-content\/uploads\/2022\/02\/20200911-BoazArad-3W3A2774-Edit-Edit-scaled.jpg","contentUrl":"https:\/\/www.mihabrkinjac.com\/wp-content\/uploads\/2022\/02\/20200911-BoazArad-3W3A2774-Edit-Edit-scaled.jpg","width":2560,"height":1707,"caption":"Miha Brkinja\u010d"},"logo":{"@id":"https:\/\/www.mihabrkinjac.com\/wp-content\/uploads\/2022\/02\/20200911-BoazArad-3W3A2774-Edit-Edit-scaled.jpg"},"description":"Baritone Miha Brkinja\u010d was born in Ljubljana, Slovenia. After taking first vocal lessons in his hometown of Ljubljana under Prof. Alenka Slokar Bajc, he continued his studies at the Academy of Music Hanns Eisler Berlin under Prof.Dr. Michail Lanskoi. Since the beginning of the season 2022\/2023 Miha is a member of the opera studio Niederrhein at the Theater Krefeld und M\u00f6nchengladbach. He worked with and participated in masterclasses with Wolfram Rieger, Peter Berne, Hedwig Fassbender, Rene Massis, Steffan Schleiermacher, Kobie van Rensburg, Antonio Lemmo among others. His recent operatic roles include Don Giovanni in Mozart\u2019s Don Giovanni, Onegin in Tchaikovsky\u2019s Eugene Onegin, Ferryman in Britten\u2019s Curlew River and The Venetian in Rimski-Korsakov\u2019s Sadko. He is also an active concert and recital singer in Germany and Slovenia with a special affection for a German, Russian and Slovenian art song repertoire and chanson. Along with his operatic activity, Miha is also active as an actor in Slovenia and Germany. A highlight of his acting activity is the founding of the theatre ensemble \u201cKUD \u0160kofljica\u201d, with which he celebrated numerous successes on stages all over Slovenia. In 2017 he was awarded the \u201cBest Actor \/ Comedian 2017\u201d award for the role of Jean in the play \u201cPridi gola na ve\u010derjo \/ Pyjama pour six\u201d by Marc Camoletti at the Festival of Comedy Pekre 2017, Slovenia.","sameAs":["https:\/\/www.mihabrkinjac.com","https:\/\/www.facebook.com\/miha.brkinjac\/","https:\/\/www.instagram.com\/mihabrkinjac\/","https:\/\/www.youtube.com\/mihabrkinjac"]}]}},"_links":{"self":[{"href":"https:\/\/www.mihabrkinjac.com\/sl\/wp-json\/wp\/v2\/pages\/611","targetHints":{"allow":["GET"]}}],"collection":[{"href":"https:\/\/www.mihabrkinjac.com\/sl\/wp-json\/wp\/v2\/pages"}],"about":[{"href":"https:\/\/www.mihabrkinjac.com\/sl\/wp-json\/wp\/v2\/types\/page"}],"author":[{"embeddable":true,"href":"https:\/\/www.mihabrkinjac.com\/sl\/wp-json\/wp\/v2\/users\/1"}],"replies":[{"embeddable":true,"href":"https:\/\/www.mihabrkinjac.com\/sl\/wp-json\/wp\/v2\/comments?post=611"}],"version-history":[{"count":61,"href":"https:\/\/www.mihabrkinjac.com\/sl\/wp-json\/wp\/v2\/pages\/611\/revisions"}],"predecessor-version":[{"id":2730,"href":"https:\/\/www.mihabrkinjac.com\/sl\/wp-json\/wp\/v2\/pages\/611\/revisions\/2730"}],"wp:attachment":[{"href":"https:\/\/www.mihabrkinjac.com\/sl\/wp-json\/wp\/v2\/media?parent=611"}],"curies":[{"name":"wp","href":"https:\/\/api.w.org\/{rel}","templated":true}]}}