{"id":10000089,"date":"2023-12-08T00:00:55","date_gmt":"2023-12-07T23:00:55","guid":{"rendered":"https:\/\/www.mihabrkinjac.com\/event\/la-sonnambula\/"},"modified":"2023-12-09T19:19:54","modified_gmt":"2023-12-09T18:19:54","slug":"la-sonnambula","status":"publish","type":"tribe_events","link":"https:\/\/www.mihabrkinjac.com\/sl\/event\/la-sonnambula\/2023-09-24\/","title":{"rendered":"Bellini: La Sonnambula"},"content":{"rendered":"<p>Opera v dveh dejanjih Vincenza Bellinija<br \/>\nVLOGA: Alessio<\/p>\n<p>DIRIGENT: Mihkel K\u00fctson<br \/>\nRE\u017dIJA: Ansgar Weigner<br \/>\nSCENOGRAF: Hermann Feuchter<br \/>\nKOSTUMOGRAF: Susanne Hubrich<\/p>\n","protected":false},"excerpt":{"rendered":"<p>Opera v dveh dejanjih Vincenza Bellinija<br \/>\nVLOGA: Alessio<\/p>\n","protected":false},"author":1,"featured_media":1644,"template":"","meta":{"_et_pb_use_builder":"","_et_pb_old_content":"","_et_gb_content_width":"","_tribe_events_status":"","_tribe_events_status_reason":"","_tribe_events_is_hybrid":"","_tribe_events_is_virtual":"","_tribe_events_virtual_video_source":"","_tribe_events_virtual_embed_video":"","_tribe_events_virtual_linked_button_text":"","_tribe_events_virtual_linked_button":"","_tribe_events_virtual_show_embed_at":"","_tribe_events_virtual_show_embed_to":[],"_tribe_events_virtual_show_on_event":"","_tribe_events_virtual_show_on_views":"","_tribe_events_virtual_url":"","footnotes":""},"tags":[],"tribe_events_cat":[28],"class_list":["post-10000089","tribe_events","type-tribe_events","status-publish","has-post-thumbnail","hentry","tribe_events_cat-2023-24-sl","cat_2023-24-sl","tribe-recurring-event","tribe-recurring-event-parent"],"yoast_head":"<!-- This site is optimized with the Yoast SEO plugin v27.4 - https:\/\/yoast.com\/product\/yoast-seo-wordpress\/ -->\n<title>Bellini: La Sonnambula - Miha Brkinja\u010d<\/title>\n<meta name=\"robots\" content=\"index, follow, max-snippet:-1, max-image-preview:large, max-video-preview:-1\" \/>\n<link rel=\"canonical\" href=\"https:\/\/www.mihabrkinjac.com\/sl\/event\/la-sonnambula\/2023-09-24\/\" \/>\n<meta property=\"og:locale\" content=\"sl_SI\" \/>\n<meta property=\"og:type\" content=\"article\" \/>\n<meta property=\"og:title\" content=\"Bellini: La Sonnambula - Miha Brkinja\u010d\" \/>\n<meta property=\"og:description\" content=\"Opera v dveh dejanjih Vincenza Bellinija VLOGA: Alessio\" \/>\n<meta property=\"og:url\" content=\"https:\/\/www.mihabrkinjac.com\/sl\/event\/la-sonnambula\/2023-09-24\/\" \/>\n<meta property=\"og:site_name\" content=\"Miha Brkinja\u010d\" \/>\n<meta property=\"article:publisher\" content=\"https:\/\/www.facebook.com\/miha.brkinjac\/\" \/>\n<meta property=\"article:modified_time\" content=\"2023-12-09T18:19:54+00:00\" \/>\n<meta property=\"og:image\" content=\"https:\/\/www.mihabrkinjac.com\/wp-content\/uploads\/2023\/12\/200_Nachtwandlerin_HP1-scaled-e1701990158367.jpg\" \/>\n\t<meta property=\"og:image:width\" content=\"2560\" \/>\n\t<meta property=\"og:image:height\" content=\"1757\" \/>\n\t<meta property=\"og:image:type\" content=\"image\/jpeg\" \/>\n<meta name=\"twitter:card\" content=\"summary_large_image\" \/>\n<script type=\"application\/ld+json\" class=\"yoast-schema-graph\">{\"@context\":\"https:\\\/\\\/schema.org\",\"@graph\":[{\"@type\":\"WebPage\",\"@id\":\"https:\\\/\\\/www.mihabrkinjac.com\\\/sl\\\/event\\\/la-sonnambula\\\/2023-09-24\\\/\",\"url\":\"https:\\\/\\\/www.mihabrkinjac.com\\\/sl\\\/event\\\/la-sonnambula\\\/2023-09-24\\\/\",\"name\":\"Bellini: La Sonnambula - Miha Brkinja\u010d\",\"isPartOf\":{\"@id\":\"https:\\\/\\\/www.mihabrkinjac.com\\\/sl\\\/#website\"},\"primaryImageOfPage\":{\"@id\":\"https:\\\/\\\/www.mihabrkinjac.com\\\/sl\\\/event\\\/la-sonnambula\\\/2023-09-24\\\/#primaryimage\"},\"image\":{\"@id\":\"https:\\\/\\\/www.mihabrkinjac.com\\\/sl\\\/event\\\/la-sonnambula\\\/2023-09-24\\\/#primaryimage\"},\"thumbnailUrl\":\"https:\\\/\\\/www.mihabrkinjac.com\\\/wp-content\\\/uploads\\\/2023\\\/12\\\/200_Nachtwandlerin_HP1-scaled-e1701990158367.jpg\",\"datePublished\":\"2023-12-07T23:00:55+00:00\",\"dateModified\":\"2023-12-09T18:19:54+00:00\",\"breadcrumb\":{\"@id\":\"https:\\\/\\\/www.mihabrkinjac.com\\\/sl\\\/event\\\/la-sonnambula\\\/2023-09-24\\\/#breadcrumb\"},\"inLanguage\":\"sl-SI\",\"potentialAction\":[{\"@type\":\"ReadAction\",\"target\":[\"https:\\\/\\\/www.mihabrkinjac.com\\\/sl\\\/event\\\/la-sonnambula\\\/2023-09-24\\\/\"]}]},{\"@type\":\"ImageObject\",\"inLanguage\":\"sl-SI\",\"@id\":\"https:\\\/\\\/www.mihabrkinjac.com\\\/sl\\\/event\\\/la-sonnambula\\\/2023-09-24\\\/#primaryimage\",\"url\":\"https:\\\/\\\/www.mihabrkinjac.com\\\/wp-content\\\/uploads\\\/2023\\\/12\\\/200_Nachtwandlerin_HP1-scaled-e1701990158367.jpg\",\"contentUrl\":\"https:\\\/\\\/www.mihabrkinjac.com\\\/wp-content\\\/uploads\\\/2023\\\/12\\\/200_Nachtwandlerin_HP1-scaled-e1701990158367.jpg\",\"width\":2560,\"height\":1757,\"caption\":\"DIE NACHTWANDLERIN (La sonnambula) Oper (Melodramma) in zwei Akten Musik von Vincenzo Bellini Dichtung von Felice Romani nach Eug\u00e8ne Scribe und Jean-Pierre Aumer - In italienischer Sprache mit deutschen \u00dcbertiteln - Musikalische Leitung Mihkel K\u00fctson Inszenierung Ansgar Weigner B\u00fchnenbild Hermann Feuchter Kost\u00fcme Susanne Hubrich Choreinstudierung Michael Preiser Dramaturgie Andreas Wendholz Graf Rodolfo, Feudalherr des Dorfes Matthias Wippich Teresa, eine M\u00fcllerin Janet Bartolova Amina, ihre Pflegetochter Sophie Witte Elvino, ein reicher Gutsbesitzer Woongyi Lee Lisa, eine Wirtin Indr\u00e9 Pelauskaite* Alessio, Bauer Miha Brkinja\u010d* (1) Ein Notar\u2026\u2026\u2026\u2026\u2026\u2026\u2026\u2026\u2026\u2026\u2026\u2026\u2026\u2026\u2026\u2026\u2026. Jakob Kleinschrot* \\\/ **Kairschan Scholdybajew Premiere am 21. Mai 2023 im Theater M\u00f6nchengladbach Premiere am 24. September 2023 im Theater Krefeld\"},{\"@type\":\"BreadcrumbList\",\"@id\":\"https:\\\/\\\/www.mihabrkinjac.com\\\/sl\\\/event\\\/la-sonnambula\\\/2023-09-24\\\/#breadcrumb\",\"itemListElement\":[{\"@type\":\"ListItem\",\"position\":1,\"name\":\"Home\",\"item\":\"https:\\\/\\\/www.mihabrkinjac.com\\\/sl\\\/\"},{\"@type\":\"ListItem\",\"position\":2,\"name\":\"Dogodki\",\"item\":\"https:\\\/\\\/www.mihabrkinjac.com\\\/sl\\\/events\\\/\"},{\"@type\":\"ListItem\",\"position\":3,\"name\":\"Bellini: La Sonnambula\"}]},{\"@type\":\"WebSite\",\"@id\":\"https:\\\/\\\/www.mihabrkinjac.com\\\/sl\\\/#website\",\"url\":\"https:\\\/\\\/www.mihabrkinjac.com\\\/sl\\\/\",\"name\":\"Miha Brkinja\u010d\",\"description\":\"#operasinger #baritone #actor\",\"publisher\":{\"@id\":\"https:\\\/\\\/www.mihabrkinjac.com\\\/sl\\\/#\\\/schema\\\/person\\\/1959accd459140388007f0a3b646f638\"},\"potentialAction\":[{\"@type\":\"SearchAction\",\"target\":{\"@type\":\"EntryPoint\",\"urlTemplate\":\"https:\\\/\\\/www.mihabrkinjac.com\\\/sl\\\/?s={search_term_string}\"},\"query-input\":{\"@type\":\"PropertyValueSpecification\",\"valueRequired\":true,\"valueName\":\"search_term_string\"}}],\"inLanguage\":\"sl-SI\"},{\"@type\":[\"Person\",\"Organization\"],\"@id\":\"https:\\\/\\\/www.mihabrkinjac.com\\\/sl\\\/#\\\/schema\\\/person\\\/1959accd459140388007f0a3b646f638\",\"name\":\"Miha Brkinja\u010d\",\"image\":{\"@type\":\"ImageObject\",\"inLanguage\":\"sl-SI\",\"@id\":\"https:\\\/\\\/www.mihabrkinjac.com\\\/wp-content\\\/uploads\\\/2022\\\/02\\\/20200911-BoazArad-3W3A2774-Edit-Edit-scaled.jpg\",\"url\":\"https:\\\/\\\/www.mihabrkinjac.com\\\/wp-content\\\/uploads\\\/2022\\\/02\\\/20200911-BoazArad-3W3A2774-Edit-Edit-scaled.jpg\",\"contentUrl\":\"https:\\\/\\\/www.mihabrkinjac.com\\\/wp-content\\\/uploads\\\/2022\\\/02\\\/20200911-BoazArad-3W3A2774-Edit-Edit-scaled.jpg\",\"width\":2560,\"height\":1707,\"caption\":\"Miha Brkinja\u010d\"},\"logo\":{\"@id\":\"https:\\\/\\\/www.mihabrkinjac.com\\\/wp-content\\\/uploads\\\/2022\\\/02\\\/20200911-BoazArad-3W3A2774-Edit-Edit-scaled.jpg\"},\"description\":\"Baritone Miha Brkinja\u010d was born in Ljubljana, Slovenia. After taking first vocal lessons in his hometown of Ljubljana under Prof. Alenka Slokar Bajc, he continued his studies at the Academy of Music Hanns Eisler Berlin under Prof.Dr. Michail Lanskoi. Since the beginning of the season 2022\\\/2023 Miha is a member of the opera studio Niederrhein at the Theater Krefeld und M\u00f6nchengladbach. He worked with and participated in masterclasses with Wolfram Rieger, Peter Berne, Hedwig Fassbender, Rene Massis, Steffan Schleiermacher, Kobie van Rensburg, Antonio Lemmo among others. His recent operatic roles include Don Giovanni in Mozart\u2019s Don Giovanni, Onegin in Tchaikovsky\u2019s Eugene Onegin, Ferryman in Britten\u2019s Curlew River and The Venetian in Rimski-Korsakov\u2019s Sadko. He is also an active concert and recital singer in Germany and Slovenia with a special affection for a German, Russian and Slovenian art song repertoire and chanson. Along with his operatic activity, Miha is also active as an actor in Slovenia and Germany. A highlight of his acting activity is the founding of the theatre ensemble \u201cKUD \u0160kofljica\u201d, with which he celebrated numerous successes on stages all over Slovenia. In 2017 he was awarded the \u201cBest Actor \\\/ Comedian 2017\u201d award for the role of Jean in the play \u201cPridi gola na ve\u010derjo \\\/ Pyjama pour six\u201d by Marc Camoletti at the Festival of Comedy Pekre 2017, Slovenia.\",\"sameAs\":[\"https:\\\/\\\/www.mihabrkinjac.com\",\"https:\\\/\\\/www.facebook.com\\\/miha.brkinjac\\\/\",\"https:\\\/\\\/www.instagram.com\\\/mihabrkinjac\\\/\",\"https:\\\/\\\/www.youtube.com\\\/mihabrkinjac\"]}]}<\/script>\n<!-- \/ Yoast SEO plugin. -->","yoast_head_json":{"title":"Bellini: La Sonnambula - Miha Brkinja\u010d","robots":{"index":"index","follow":"follow","max-snippet":"max-snippet:-1","max-image-preview":"max-image-preview:large","max-video-preview":"max-video-preview:-1"},"canonical":"https:\/\/www.mihabrkinjac.com\/sl\/event\/la-sonnambula\/2023-09-24\/","og_locale":"sl_SI","og_type":"article","og_title":"Bellini: La Sonnambula - Miha Brkinja\u010d","og_description":"Opera v dveh dejanjih Vincenza Bellinija VLOGA: Alessio","og_url":"https:\/\/www.mihabrkinjac.com\/sl\/event\/la-sonnambula\/2023-09-24\/","og_site_name":"Miha Brkinja\u010d","article_publisher":"https:\/\/www.facebook.com\/miha.brkinjac\/","article_modified_time":"2023-12-09T18:19:54+00:00","og_image":[{"width":2560,"height":1757,"url":"https:\/\/www.mihabrkinjac.com\/wp-content\/uploads\/2023\/12\/200_Nachtwandlerin_HP1-scaled-e1701990158367.jpg","type":"image\/jpeg"}],"twitter_card":"summary_large_image","schema":{"@context":"https:\/\/schema.org","@graph":[{"@type":"WebPage","@id":"https:\/\/www.mihabrkinjac.com\/sl\/event\/la-sonnambula\/2023-09-24\/","url":"https:\/\/www.mihabrkinjac.com\/sl\/event\/la-sonnambula\/2023-09-24\/","name":"Bellini: La Sonnambula - Miha Brkinja\u010d","isPartOf":{"@id":"https:\/\/www.mihabrkinjac.com\/sl\/#website"},"primaryImageOfPage":{"@id":"https:\/\/www.mihabrkinjac.com\/sl\/event\/la-sonnambula\/2023-09-24\/#primaryimage"},"image":{"@id":"https:\/\/www.mihabrkinjac.com\/sl\/event\/la-sonnambula\/2023-09-24\/#primaryimage"},"thumbnailUrl":"https:\/\/www.mihabrkinjac.com\/wp-content\/uploads\/2023\/12\/200_Nachtwandlerin_HP1-scaled-e1701990158367.jpg","datePublished":"2023-12-07T23:00:55+00:00","dateModified":"2023-12-09T18:19:54+00:00","breadcrumb":{"@id":"https:\/\/www.mihabrkinjac.com\/sl\/event\/la-sonnambula\/2023-09-24\/#breadcrumb"},"inLanguage":"sl-SI","potentialAction":[{"@type":"ReadAction","target":["https:\/\/www.mihabrkinjac.com\/sl\/event\/la-sonnambula\/2023-09-24\/"]}]},{"@type":"ImageObject","inLanguage":"sl-SI","@id":"https:\/\/www.mihabrkinjac.com\/sl\/event\/la-sonnambula\/2023-09-24\/#primaryimage","url":"https:\/\/www.mihabrkinjac.com\/wp-content\/uploads\/2023\/12\/200_Nachtwandlerin_HP1-scaled-e1701990158367.jpg","contentUrl":"https:\/\/www.mihabrkinjac.com\/wp-content\/uploads\/2023\/12\/200_Nachtwandlerin_HP1-scaled-e1701990158367.jpg","width":2560,"height":1757,"caption":"DIE NACHTWANDLERIN (La sonnambula) Oper (Melodramma) in zwei Akten Musik von Vincenzo Bellini Dichtung von Felice Romani nach Eug\u00e8ne Scribe und Jean-Pierre Aumer - In italienischer Sprache mit deutschen \u00dcbertiteln - Musikalische Leitung Mihkel K\u00fctson Inszenierung Ansgar Weigner B\u00fchnenbild Hermann Feuchter Kost\u00fcme Susanne Hubrich Choreinstudierung Michael Preiser Dramaturgie Andreas Wendholz Graf Rodolfo, Feudalherr des Dorfes Matthias Wippich Teresa, eine M\u00fcllerin Janet Bartolova Amina, ihre Pflegetochter Sophie Witte Elvino, ein reicher Gutsbesitzer Woongyi Lee Lisa, eine Wirtin Indr\u00e9 Pelauskaite* Alessio, Bauer Miha Brkinja\u010d* (1) Ein Notar\u2026\u2026\u2026\u2026\u2026\u2026\u2026\u2026\u2026\u2026\u2026\u2026\u2026\u2026\u2026\u2026\u2026. Jakob Kleinschrot* \/ **Kairschan Scholdybajew Premiere am 21. Mai 2023 im Theater M\u00f6nchengladbach Premiere am 24. September 2023 im Theater Krefeld"},{"@type":"BreadcrumbList","@id":"https:\/\/www.mihabrkinjac.com\/sl\/event\/la-sonnambula\/2023-09-24\/#breadcrumb","itemListElement":[{"@type":"ListItem","position":1,"name":"Home","item":"https:\/\/www.mihabrkinjac.com\/sl\/"},{"@type":"ListItem","position":2,"name":"Dogodki","item":"https:\/\/www.mihabrkinjac.com\/sl\/events\/"},{"@type":"ListItem","position":3,"name":"Bellini: La Sonnambula"}]},{"@type":"WebSite","@id":"https:\/\/www.mihabrkinjac.com\/sl\/#website","url":"https:\/\/www.mihabrkinjac.com\/sl\/","name":"Miha Brkinja\u010d","description":"#operasinger #baritone #actor","publisher":{"@id":"https:\/\/www.mihabrkinjac.com\/sl\/#\/schema\/person\/1959accd459140388007f0a3b646f638"},"potentialAction":[{"@type":"SearchAction","target":{"@type":"EntryPoint","urlTemplate":"https:\/\/www.mihabrkinjac.com\/sl\/?s={search_term_string}"},"query-input":{"@type":"PropertyValueSpecification","valueRequired":true,"valueName":"search_term_string"}}],"inLanguage":"sl-SI"},{"@type":["Person","Organization"],"@id":"https:\/\/www.mihabrkinjac.com\/sl\/#\/schema\/person\/1959accd459140388007f0a3b646f638","name":"Miha Brkinja\u010d","image":{"@type":"ImageObject","inLanguage":"sl-SI","@id":"https:\/\/www.mihabrkinjac.com\/wp-content\/uploads\/2022\/02\/20200911-BoazArad-3W3A2774-Edit-Edit-scaled.jpg","url":"https:\/\/www.mihabrkinjac.com\/wp-content\/uploads\/2022\/02\/20200911-BoazArad-3W3A2774-Edit-Edit-scaled.jpg","contentUrl":"https:\/\/www.mihabrkinjac.com\/wp-content\/uploads\/2022\/02\/20200911-BoazArad-3W3A2774-Edit-Edit-scaled.jpg","width":2560,"height":1707,"caption":"Miha Brkinja\u010d"},"logo":{"@id":"https:\/\/www.mihabrkinjac.com\/wp-content\/uploads\/2022\/02\/20200911-BoazArad-3W3A2774-Edit-Edit-scaled.jpg"},"description":"Baritone Miha Brkinja\u010d was born in Ljubljana, Slovenia. After taking first vocal lessons in his hometown of Ljubljana under Prof. Alenka Slokar Bajc, he continued his studies at the Academy of Music Hanns Eisler Berlin under Prof.Dr. Michail Lanskoi. Since the beginning of the season 2022\/2023 Miha is a member of the opera studio Niederrhein at the Theater Krefeld und M\u00f6nchengladbach. He worked with and participated in masterclasses with Wolfram Rieger, Peter Berne, Hedwig Fassbender, Rene Massis, Steffan Schleiermacher, Kobie van Rensburg, Antonio Lemmo among others. His recent operatic roles include Don Giovanni in Mozart\u2019s Don Giovanni, Onegin in Tchaikovsky\u2019s Eugene Onegin, Ferryman in Britten\u2019s Curlew River and The Venetian in Rimski-Korsakov\u2019s Sadko. He is also an active concert and recital singer in Germany and Slovenia with a special affection for a German, Russian and Slovenian art song repertoire and chanson. Along with his operatic activity, Miha is also active as an actor in Slovenia and Germany. A highlight of his acting activity is the founding of the theatre ensemble \u201cKUD \u0160kofljica\u201d, with which he celebrated numerous successes on stages all over Slovenia. In 2017 he was awarded the \u201cBest Actor \/ Comedian 2017\u201d award for the role of Jean in the play \u201cPridi gola na ve\u010derjo \/ Pyjama pour six\u201d by Marc Camoletti at the Festival of Comedy Pekre 2017, Slovenia.","sameAs":["https:\/\/www.mihabrkinjac.com","https:\/\/www.facebook.com\/miha.brkinjac\/","https:\/\/www.instagram.com\/mihabrkinjac\/","https:\/\/www.youtube.com\/mihabrkinjac"]}]}},"_links":{"self":[{"href":"https:\/\/www.mihabrkinjac.com\/sl\/wp-json\/wp\/v2\/tribe_events\/10000089","targetHints":{"allow":["GET"]}}],"collection":[{"href":"https:\/\/www.mihabrkinjac.com\/sl\/wp-json\/wp\/v2\/tribe_events"}],"about":[{"href":"https:\/\/www.mihabrkinjac.com\/sl\/wp-json\/wp\/v2\/types\/tribe_events"}],"author":[{"embeddable":true,"href":"https:\/\/www.mihabrkinjac.com\/sl\/wp-json\/wp\/v2\/users\/1"}],"version-history":[{"count":0,"href":"https:\/\/www.mihabrkinjac.com\/sl\/wp-json\/wp\/v2\/tribe_events\/10000089\/revisions"}],"wp:featuredmedia":[{"embeddable":true,"href":"https:\/\/www.mihabrkinjac.com\/sl\/wp-json\/wp\/v2\/media\/1644"}],"wp:attachment":[{"href":"https:\/\/www.mihabrkinjac.com\/sl\/wp-json\/wp\/v2\/media?parent=10000089"}],"wp:term":[{"taxonomy":"post_tag","embeddable":true,"href":"https:\/\/www.mihabrkinjac.com\/sl\/wp-json\/wp\/v2\/tags?post=10000089"},{"taxonomy":"tribe_events_cat","embeddable":true,"href":"https:\/\/www.mihabrkinjac.com\/sl\/wp-json\/wp\/v2\/tribe_events_cat?post=10000089"}],"curies":[{"name":"wp","href":"https:\/\/api.w.org\/{rel}","templated":true}]}}